{"id":1738,"date":"2024-03-05T14:16:22","date_gmt":"2024-03-05T13:16:22","guid":{"rendered":"https:\/\/www.gymplka.cz\/?page_id=1738"},"modified":"2024-03-12T14:24:05","modified_gmt":"2024-03-12T13:24:05","slug":"vychovny-poradce","status":"publish","type":"page","link":"https:\/\/www.gym-karvina.cz\/?page_id=1738","title":{"rendered":"V\u00fdchovn\u00fd poradce"},"content":{"rendered":"\n<div class=\"wp-block-columns is-layout-flex wp-container-core-columns-is-layout-9d6595d7 wp-block-columns-is-layout-flex\">\n<div class=\"wp-block-column is-layout-flow wp-block-column-is-layout-flow\">\n<p>V\u00fdchovn\u00fd poradce:<strong> Mgr. Sylva Divi\u0161ov\u00e1<\/strong><\/p>\n\n\n\n<p>Kontakt: <a href=\"mailto:sylva.divisova@gym-karvina.cz\">sylva.divisova@gym-karvina.cz<\/a><br>Telefon: <strong>596&nbsp;311&nbsp;197<\/strong><br>Konzulta\u010dn\u00ed hodiny:<\/p>\n\n\n\n<ul class=\"wp-block-list\">\n<li><strong>\u00fater\u00fd:<\/strong>&nbsp;7:30 \u2013 8:00<\/li>\n\n\n\n<li><strong>st\u0159eda:<\/strong>&nbsp;7:45 \u2013 8:00<\/li>\n<\/ul>\n<\/div>\n\n\n\n<div class=\"wp-block-column is-layout-flow wp-block-column-is-layout-flow\">\n<h3 class=\"wp-block-heading\">V\u00fdchovn\u00e1 komise:<\/h3>\n\n\n\n<ul class=\"wp-block-list\">\n<li>Mgr. Milo\u0161 Ku\u010dera, \u0159editel \u0161koly<\/li>\n\n\n\n<li>Mgr. Monika Brz\u00e1, z\u00e1stupce \u0159editele<\/li>\n\n\n\n<li>Mgr. Alan Pieczonka, z\u00e1stupce \u0159editele<\/li>\n\n\n\n<li>Mgr. Sylva Divi\u0161ov\u00e1, v\u00fdchovn\u00e1 poradkyn\u011b<\/li>\n\n\n\n<li>Mgr. Zuzana Kardo\u0161ov\u00e1, metodik prevence<\/li>\n\n\n\n<li>T\u0159\u00eddn\u00ed u\u010ditel \u017e\u00e1ka (viz <a href=\"https:\/\/www.gym-karvina.cz\/wp-content\/uploads\/2024\/03\/rozdeleni_trid_2023-24_plan_skoly.pdf\" data-type=\"attachment\" data-id=\"1831\" target=\"_blank\" rel=\"noreferrer noopener\">rozd\u011blen\u00ed t\u0159\u00edd<\/a>)<\/li>\n<\/ul>\n<\/div>\n<\/div>\n\n\n\n<hr class=\"wp-block-separator has-alpha-channel-opacity is-style-default\"\/>\n\n\n\n<h3 class=\"wp-block-heading\">N\u00e1pl\u0148 pr\u00e1ce v\u00fdchovn\u00e9ho poradce:<\/h3>\n\n\n\n<ul class=\"wp-block-list\">\n<li><strong>Konzulta\u010dn\u00ed a poradensk\u00e1 \u010dinnost:<\/strong>\n<ul class=\"wp-block-list\">\n<li>Individu\u00e1ln\u00ed poradensk\u00e1 \u010dinnost p\u0159i \u0159e\u0161en\u00ed v\u00fdukov\u00fdch a v\u00fdchovn\u00fdch obt\u00ed\u017e\u00ed<\/li>\n\n\n\n<li>Kari\u00e9rov\u00e9 poradenstv\u00ed &#8211; &nbsp;poskytov\u00e1n\u00ed informac\u00ed o mo\u017enostech dal\u0161\u00edho studia na V\u0160 a VO\u0160 , informace o term\u00ednech pod\u00e1n\u00ed p\u0159ihl\u00e1\u0161ek, ov\u011b\u0159ov\u00e1n\u00ed p\u0159ihl\u00e1\u0161ek na V\u0160<\/li>\n\n\n\n<li>Zprost\u0159edkov\u00e1n\u00ed test\u016f profesn\u00ed orientace pro studenty 3. ro\u010dn\u00edku (ve spolupr\u00e1ci s&nbsp;PPP Karvin\u00e1)<\/li>\n\n\n\n<li>Integrace \u017e\u00e1k\u016f se speci\u00e1ln\u00edmi vzd\u011bl\u00e1vac\u00edmi pot\u0159ebami, koordinace t\u011bchto slu\u017eeb se \u0161kolsk\u00fdm poradensk\u00fdm za\u0159\u00edzen\u00edm<\/li>\n\n\n\n<li>Poskytov\u00e1n\u00ed informac\u00ed o p\u0159\u00edpravn\u00fdch kurzech pro \u017e\u00e1ky 5. a 9. t\u0159\u00edd Z\u0160<\/li><br>\n<\/ul>\n<\/li>\n\n\n\n<li><strong>Metodick\u00e1 a informa\u010dn\u00ed \u010dinnost:<\/strong>\n<ul class=\"wp-block-list\">\n<li>Metodick\u00e1 pomoc pedagogick\u00fdm pracovn\u00edk\u016fm v&nbsp;ot\u00e1zk\u00e1ch integrace \u017e\u00e1k\u016f se speci\u00e1ln\u00edmi vzd\u011bl\u00e1vac\u00edmi pot\u0159ebami, poskytov\u00e1n\u00ed informac\u00ed o mo\u017enostech dal\u0161\u00edho vzd\u011bl\u00e1v\u00e1n\u00ed pedagogick\u00fdch pracovn\u00edk\u016f<\/li>\n\n\n\n<li>Metodick\u00e1 pomoc pedagog\u016fm p\u0159i \u0159e\u0161en\u00ed probl\u00e9mov\u00fdch situac\u00ed informace o poradensk\u00fdch slu\u017eb\u00e1ch v&nbsp;regionu<\/li>\n<\/ul>\n<\/li>\n<\/ul>\n\n\n\n<hr class=\"wp-block-separator has-alpha-channel-opacity is-style-default\"\/>\n\n\n\n<h3 class=\"wp-block-heading\">Kam po maturit\u011b:<\/h3>\n\n\n\n<ul class=\"wp-block-list\">\n<li><strong>Nab\u00eddka V\u0160:<\/strong>\n<ul class=\"wp-block-list\">\n<li><a href=\"http:\/\/www.vysokeskoly.cz\/\" target=\"_blank\" rel=\"noreferrer noopener\">www.vysokeskoly.cz<\/a><\/li>\n\n\n\n<li><a href=\"http:\/\/www.kampomaturite.cz\/\" target=\"_blank\" rel=\"noreferrer noopener\">www.kampomaturite.cz<\/a><\/li>\n\n\n\n<li><a href=\"http:\/\/www.najdivs.cz\/\" target=\"_blank\" rel=\"noreferrer noopener\">www.najdivs.cz<\/a><\/li>\n\n\n\n<li><a href=\"http:\/\/www.gaudeamus.cz\/\" target=\"_blank\" rel=\"noreferrer noopener\">www.gaudeamus.cz<\/a><\/li>\n\n\n\n<li><a href=\"http:\/\/www.vejska.cz\/vysoke-skoly\" target=\"_blank\" rel=\"noreferrer noopener\">www.vejska.cz\/vysoke-skoly<\/a><\/li>\n\n\n\n<li><a href=\"http:\/\/www.infoabsolvent.cz\/\">www.infoabsolvent.cz<\/a><\/li><br>\n<\/ul>\n<\/li>\n\n\n\n<li><strong>Term\u00edny pod\u00e1n\u00ed p\u0159ihl\u00e1\u0161ek:<\/strong>\n<ul class=\"wp-block-list\">\n<li><a href=\"http:\/\/www.vysokeskoly.com\/terminy-podani-prihlasek\/\" target=\"_blank\" rel=\"noreferrer noopener\">www.vysokeskoly.com\/terminy-podani-prihlasek\/<\/a><\/li><br>\n<\/ul>\n<\/li>\n\n\n\n<li><strong>Dny otev\u0159en\u00fdch dve\u0159\u00ed:<\/strong>\n<ul class=\"wp-block-list\">\n<li><a>www.kampomaturite.cz\/kampomaturite\/dny-otevrenych-dveri-vysokych-skol-aktualizace<\/a><\/li><br>\n<\/ul>\n<\/li>\n\n\n\n<li><strong>N\u00e1rodn\u00ed srovn\u00e1vac\u00ed zkou\u0161ky:<\/strong>\n<ul class=\"wp-block-list\">\n<li><a href=\"http:\/\/www.scio.cz\/\" target=\"_blank\" rel=\"noreferrer noopener\">www.scio.cz<\/a><\/li><br>\n<\/ul>\n<\/li>\n<\/ul>\n","protected":false},"excerpt":{"rendered":"<p>V\u00fdchovn\u00fd poradce: Mgr. Sylva Divi\u0161ov\u00e1 Kontakt: sylva.divisova@gym-karvina.czTelefon: 596&nbsp;311&nbsp;197Konzulta\u010dn\u00ed hodiny: V\u00fdchovn\u00e1 komise: N\u00e1pl\u0148 pr\u00e1ce v\u00fdchovn\u00e9ho poradce: Kam po maturit\u011b:<\/p>\n","protected":false},"author":1,"featured_media":0,"parent":0,"menu_order":0,"comment_status":"closed","ping_status":"closed","template":"","meta":{"footnotes":""},"class_list":["post-1738","page","type-page","status-publish","hentry"],"_links":{"self":[{"href":"https:\/\/www.gym-karvina.cz\/index.php?rest_route=\/wp\/v2\/pages\/1738","targetHints":{"allow":["GET"]}}],"collection":[{"href":"https:\/\/www.gym-karvina.cz\/index.php?rest_route=\/wp\/v2\/pages"}],"about":[{"href":"https:\/\/www.gym-karvina.cz\/index.php?rest_route=\/wp\/v2\/types\/page"}],"author":[{"embeddable":true,"href":"https:\/\/www.gym-karvina.cz\/index.php?rest_route=\/wp\/v2\/users\/1"}],"replies":[{"embeddable":true,"href":"https:\/\/www.gym-karvina.cz\/index.php?rest_route=%2Fwp%2Fv2%2Fcomments&post=1738"}],"version-history":[{"count":43,"href":"https:\/\/www.gym-karvina.cz\/index.php?rest_route=\/wp\/v2\/pages\/1738\/revisions"}],"predecessor-version":[{"id":1945,"href":"https:\/\/www.gym-karvina.cz\/index.php?rest_route=\/wp\/v2\/pages\/1738\/revisions\/1945"}],"wp:attachment":[{"href":"https:\/\/www.gym-karvina.cz\/index.php?rest_route=%2Fwp%2Fv2%2Fmedia&parent=1738"}],"curies":[{"name":"wp","href":"https:\/\/api.w.org\/{rel}","templated":true}]}}