{"id":2601,"date":"2024-08-14T22:32:20","date_gmt":"2024-08-14T20:32:20","guid":{"rendered":"https:\/\/www.gym-karvina.cz\/?page_id=2601"},"modified":"2024-11-20T06:02:36","modified_gmt":"2024-11-20T05:02:36","slug":"erasmus","status":"publish","type":"page","link":"https:\/\/www.gym-karvina.cz\/?page_id=2601","title":{"rendered":"Erasmus+"},"content":{"rendered":"\n<div class=\"wp-block-columns is-layout-flex wp-container-core-columns-is-layout-9d6595d7 wp-block-columns-is-layout-flex\">\n<div class=\"wp-block-column is-vertically-aligned-top is-layout-flow wp-block-column-is-layout-flow\" style=\"flex-basis:60%\">\n<h3 class=\"wp-block-heading has-text-align-left\"><strong>ERASMUS+<\/strong><\/h3>\n\n\n\n<p>OID Organizace: <strong>E10113524<\/strong><br>Na port\u00e1lu programu Erasmus+ a Evropsk\u00e9ho sboru solidarity<\/p>\n<\/div>\n\n\n\n<div class=\"wp-block-column is-vertically-aligned-top is-layout-flow wp-block-column-is-layout-flow\" style=\"flex-basis:40%\"><div class=\"wp-block-image\">\n<figure class=\"alignright size-large is-resized\"><img loading=\"lazy\" decoding=\"async\" width=\"1024\" height=\"228\" src=\"https:\/\/www.gym-karvina.cz\/wp-content\/uploads\/2024\/10\/EN_Co-fundedbytheEU_RGB_POS-1024x228.png\" alt=\"\" class=\"wp-image-3629\" style=\"width:396px;height:auto\" srcset=\"https:\/\/www.gym-karvina.cz\/wp-content\/uploads\/2024\/10\/EN_Co-fundedbytheEU_RGB_POS-1024x228.png 1024w, https:\/\/www.gym-karvina.cz\/wp-content\/uploads\/2024\/10\/EN_Co-fundedbytheEU_RGB_POS-300x67.png 300w, https:\/\/www.gym-karvina.cz\/wp-content\/uploads\/2024\/10\/EN_Co-fundedbytheEU_RGB_POS-768x171.png 768w, https:\/\/www.gym-karvina.cz\/wp-content\/uploads\/2024\/10\/EN_Co-fundedbytheEU_RGB_POS-1536x343.png 1536w, https:\/\/www.gym-karvina.cz\/wp-content\/uploads\/2024\/10\/EN_Co-fundedbytheEU_RGB_POS-2048x457.png 2048w, https:\/\/www.gym-karvina.cz\/wp-content\/uploads\/2024\/10\/EN_Co-fundedbytheEU_RGB_POS-24x5.png 24w, https:\/\/www.gym-karvina.cz\/wp-content\/uploads\/2024\/10\/EN_Co-fundedbytheEU_RGB_POS-36x8.png 36w, https:\/\/www.gym-karvina.cz\/wp-content\/uploads\/2024\/10\/EN_Co-fundedbytheEU_RGB_POS-48x11.png 48w\" sizes=\"auto, (max-width: 1024px) 100vw, 1024px\" \/><\/figure>\n<\/div><\/div>\n<\/div>\n\n\n\n<h5 class=\"wp-block-heading\">Kontaktn\u00ed osoba:<\/h5>\n\n\n\n<ul class=\"wp-block-list\">\n<li>Mgr. Iva Vrbov\u00e1 &#8211; iva.vrbova@gym-karvina.cz<\/li>\n<\/ul>\n\n\n\n<hr class=\"wp-block-separator has-alpha-channel-opacity\"\/>\n\n\n\n<p class=\"has-text-align-center\">Na\u0161e \u0161kola se zapojuje do programu ERASMUS+ projekty spolupr\u00e1ce a mobilit osob v oblasti vzd\u011bl\u00e1v\u00e1n\u00ed, kter\u00e9 jsou podpo\u0159eny Evropskou komis\u00ed.<\/p>\n\n\n<div class=\"wp-block-image wp-duotone-unset-1\">\n<figure class=\"aligncenter size-large is-resized\"><img loading=\"lazy\" decoding=\"async\" width=\"1024\" height=\"683\" src=\"https:\/\/www.gym-karvina.cz\/wp-content\/uploads\/2024\/08\/erasmusfoto-1024x683.jpg\" alt=\"\" class=\"wp-image-2624\" style=\"width:505px;height:auto\" srcset=\"https:\/\/www.gym-karvina.cz\/wp-content\/uploads\/2024\/08\/erasmusfoto-1024x683.jpg 1024w, https:\/\/www.gym-karvina.cz\/wp-content\/uploads\/2024\/08\/erasmusfoto-300x200.jpg 300w, https:\/\/www.gym-karvina.cz\/wp-content\/uploads\/2024\/08\/erasmusfoto-768x512.jpg 768w, https:\/\/www.gym-karvina.cz\/wp-content\/uploads\/2024\/08\/erasmusfoto-1536x1025.jpg 1536w, https:\/\/www.gym-karvina.cz\/wp-content\/uploads\/2024\/08\/erasmusfoto-24x16.jpg 24w, https:\/\/www.gym-karvina.cz\/wp-content\/uploads\/2024\/08\/erasmusfoto-36x24.jpg 36w, https:\/\/www.gym-karvina.cz\/wp-content\/uploads\/2024\/08\/erasmusfoto-48x32.jpg 48w, https:\/\/www.gym-karvina.cz\/wp-content\/uploads\/2024\/08\/erasmusfoto.jpg 2048w\" sizes=\"auto, (max-width: 1024px) 100vw, 1024px\" \/><\/figure>\n<\/div>\n\n\n<div style=\"height:20px\" aria-hidden=\"true\" class=\"wp-block-spacer\"><\/div>\n\n\n\n<h5 class=\"wp-block-heading\"><a href=\"https:\/\/www.gym-karvina.cz\/?page_id=2666\" data-type=\"page\" data-id=\"2666\">KA1 (2023-2027) &#8211; AKREDITACE<\/a><\/h5>\n\n\n\n<ul class=\"wp-block-list\">\n<li>Akreditace \u0161koly nab\u00edz\u00ed celkem 4 projek\u010dn\u00ed obdob\u00ed, kdy m\u016f\u017eeme ve zjednodu\u0161en\u00e9m procesu \u017e\u00e1dat o finan\u010dn\u00ed grant na mobility jednotlivc\u016f z \u0159ad zam\u011bstnanc\u016f na\u0161\u00ed \u0161koly a na skupinov\u00e9 mobility pro \u017e\u00e1ky na\u0161\u00ed \u0161koly.<\/li>\n\n\n\n<li>C\u00edlem projekt\u016f je&nbsp;&nbsp;zkvalitn\u011bn\u00ed v\u00fduky&nbsp;podporou profesion\u00e1ln\u00edho rozvoje, zdokonalen\u00ed znalost\u00ed ciz\u00edch jazyk\u016f na\u0161ich u\u010ditel\u016f a nav\u00e1z\u00e1n\u00ed spolupr\u00e1ce mezi \u017e\u00e1ky na\u0161\u00ed \u0161koly s \u017e\u00e1ky partnersk\u00fdch \u0161kol ze zem\u00ed EU.<\/li>\n\n\n\n<li><strong>Prvn\u00ed akredita\u010dn\u00ed obdob\u00ed (A1 \u2013 ENWOTAL continued)<\/strong> <strong>bylo v srpnu 2024 \u00fasp\u011b\u0161n\u011b ukon\u010deno.<\/strong><\/li>\n<\/ul>\n\n\n<div class=\"wp-block-image is-style-default\">\n<figure class=\"aligncenter size-full is-resized\"><a href=\"https:\/\/www.gym-karvina.cz\/wp-content\/uploads\/2024\/08\/akreditace_erasmus.jpg\" target=\"_blank\" rel=\"noreferrer noopener\"><img loading=\"lazy\" decoding=\"async\" width=\"944\" height=\"666\" src=\"https:\/\/www.gym-karvina.cz\/wp-content\/uploads\/2024\/08\/akreditace_erasmus.jpg\" alt=\"\" class=\"wp-image-2645\" style=\"width:432px;height:auto\" srcset=\"https:\/\/www.gym-karvina.cz\/wp-content\/uploads\/2024\/08\/akreditace_erasmus.jpg 944w, https:\/\/www.gym-karvina.cz\/wp-content\/uploads\/2024\/08\/akreditace_erasmus-300x212.jpg 300w, https:\/\/www.gym-karvina.cz\/wp-content\/uploads\/2024\/08\/akreditace_erasmus-768x542.jpg 768w, https:\/\/www.gym-karvina.cz\/wp-content\/uploads\/2024\/08\/akreditace_erasmus-24x17.jpg 24w, https:\/\/www.gym-karvina.cz\/wp-content\/uploads\/2024\/08\/akreditace_erasmus-36x25.jpg 36w, https:\/\/www.gym-karvina.cz\/wp-content\/uploads\/2024\/08\/akreditace_erasmus-48x34.jpg 48w\" sizes=\"auto, (max-width: 944px) 100vw, 944px\" \/><\/a><\/figure>\n<\/div>\n\n\n<div style=\"height:19px\" aria-hidden=\"true\" class=\"wp-block-spacer\"><\/div>\n\n\n<ul class=\"wp-block-latest-posts__list is-grid columns-2 has-dates wp-block-latest-posts\"><\/ul>\n\n\n<h3 class=\"wp-block-heading has-medium-font-size\"><\/h3>\n\n\n\n<p><\/p>\n\n\n\n<h5 class=\"wp-block-heading\"><a href=\"https:\/\/www.gym-karvina.cz\/?page_id=2676\" data-type=\"page\" data-id=\"2676\">KA1 (2022 &#8211; 2024) &#8211; ENWOTAL<\/a><\/h5>\n\n\n\n<ul class=\"wp-block-list\">\n<li>Jeden a p\u016fllet\u00fd projekt mobilit jednotlivc\u016f z \u0159ad zam\u011bstnanc\u016f na\u0161\u00ed \u0161koly.<\/li>\n\n\n\n<li>C\u00edlem projektu je&nbsp;&nbsp;zkvalitn\u011bn\u00ed v\u00fduky&nbsp;podporou profesion\u00e1ln\u00edho rozvoje a zdokonalen\u00ed znalost\u00ed ciz\u00edch jazyk\u016f na\u0161ich u\u010ditel\u016f.<\/li>\n\n\n\n<li><strong>Projekt byl v lednu 2024 \u00fasp\u011b\u0161n\u011b ukon\u010den.<\/strong><\/li>\n<\/ul>\n\n\n\n<div style=\"height:20px\" aria-hidden=\"true\" class=\"wp-block-spacer\"><\/div>\n\n\n\n<h5 class=\"wp-block-heading\"><a href=\"https:\/\/www.gym-karvina.cz\/?page_id=2698\" data-type=\"page\" data-id=\"2698\">KA1 (2019 &#8211; 2021) &#8211; WASL<\/a><\/h5>\n\n\n\n<ul class=\"wp-block-list\">\n<li>Dvoulet\u00fd projekt&nbsp;mobilit jednotlivc\u016f z \u0159ad zam\u011bstnanc\u016f na\u0161\u00ed \u0161koly.<\/li>\n\n\n\n<li>C\u00edlem projektu je&nbsp;&nbsp;zkvalitn\u011bn\u00ed v\u00fduky&nbsp;podporou profesion\u00e1ln\u00edho rozvoje a zdokonalen\u00ed znalost\u00ed ciz\u00edch jazyk\u016f na\u0161ich u\u010ditel\u016f.<\/li>\n\n\n\n<li><strong>Projekt byl v srpnu 2022 \u00fasp\u011b\u0161n\u011b ukon\u010den.<\/strong><\/li>\n<\/ul>\n\n\n\n<div style=\"height:20px\" aria-hidden=\"true\" class=\"wp-block-spacer\"><\/div>\n\n\n\n<h5 class=\"wp-block-heading\"><a href=\"https:\/\/nostereotypes.webnode.cz\" target=\"_blank\" rel=\"noreferrer noopener\">KA2 (2019 &#8211; 2020) &#8211; NO STEREOTYPES!<\/a><\/h5>\n\n\n\n<ul class=\"wp-block-list\">\n<li>Jednolet\u00fd projekt spolupr\u00e1ce \u017e\u00e1k\u016f a u\u010ditel\u016f na\u0161\u00ed \u0161koly a \u00d6zel Adalya Anadolu Lisesi z tureck\u00e9 Antalye.<\/li>\n\n\n\n<li>C\u00edlem projektu je bour\u00e1n\u00ed p\u0159edsudk\u016f a bari\u00e9r mezi na\u0161imi rozd\u00edln\u00fdmi kulturami a nav\u00e1z\u00e1n\u00ed nov\u00fdch p\u0159\u00e1telstv\u00ed.<\/li>\n\n\n\n<li>Na\u0161e \u0161kola je koordin\u00e1torem projektu.<\/li>\n\n\n\n<li><strong>Projekt byl v srpnu 2022&nbsp;\u00fasp\u011b\u0161n\u011b&nbsp;ukon\u010den.<\/strong><\/li>\n<\/ul>\n\n\n\n<div style=\"height:20px\" aria-hidden=\"true\" class=\"wp-block-spacer\"><\/div>\n\n\n\n<h5 class=\"wp-block-heading\"><a href=\"https:\/\/old.gym-karvina.cz\/erasmusplus\/yogies.html\" data-type=\"link\" data-id=\"https:\/\/old.gym-karvina.cz\/erasmusplus\/yogies.html\">KA2 (2016 &#8211; 2019) &#8211; YOGIES<\/a><\/h5>\n\n\n\n<ul class=\"wp-block-list\">\n<li>Dvoulet\u00fd projekt spolupr\u00e1ce \u017e\u00e1k\u016f a u\u010ditel\u016f ze \u0161kol z \u010cesk\u00e9 republiky, Velk\u00e9 Brit\u00e1nie, It\u00e1lie, Litvy a Turecka.<\/li>\n\n\n\n<li>C\u00edlem projektu byla spolupr\u00e1ce na t\u00e9matech souvisej\u00edc\u00edch se vzd\u011bl\u00e1v\u00e1n\u00edm a \u017eivotem v&nbsp;Evrop\u011b 21. stolet\u00ed. \u017d\u00e1ci v\u0161ech partnersk\u00fdch \u0161kol se zapojili do sportovn\u00edch sout\u011b\u017e\u00ed a sezn\u00e1mili se s&nbsp;\u017eivotem a kulturou z\u00fa\u010dastn\u011bn\u00fdch zem\u00ed. Spolupracovali nejen p\u0159i spole\u010dn\u00fdch setk\u00e1n\u00edch, ale tak\u00e9 mimo n\u011b na t\u00e9matech jako jsou evropsk\u00e9 ob\u010danstv\u00ed, rozd\u00edly ve v\u00fduce mlad\u0161\u00edch a star\u0161\u00edch generac\u00ed, p\u0159ed\u010dasn\u00e9 ukon\u010den\u00ed \u0161koln\u00ed doch\u00e1zky, n\u00e1sil\u00ed a \u0161ikana ve \u0161kol\u00e1ch, nedostatek gramotnosti, mlad\u00ed lid\u00e9 na trhu pr\u00e1ce, podnik\u00e1n\u00ed, \u017eivotopis, motivace a p\u0159\u00edstup ke studiu nap\u0159\u00ed\u010d generacemi, genderov\u00e9 probl\u00e9my, rasismus a diskriminace v\u0161ech druh\u016f, politick\u00fd a n\u00e1bo\u017eensk\u00fd extremismus, doping, n\u00e1sil\u00ed a rasismus ve sportu, p\u0159\u00e1telstv\u00ed ve sportu, alkohol a drogy, lidsk\u00e1 pr\u00e1va.<\/li>\n\n\n\n<li>Na\u0161e \u0161kola byla partnerem projektu, kter\u00fd koordinovala \u0161kola z&nbsp;Velk\u00e9 Brit\u00e1nie.<\/li>\n\n\n\n<li><strong>Projekt byl v \u0159\u00edjnu 2018&nbsp;\u00fasp\u011b\u0161n\u011b&nbsp;ukon\u010den.<\/strong><\/li>\n<\/ul>\n","protected":false},"excerpt":{"rendered":"<p>ERASMUS+ OID Organizace: E10113524Na port\u00e1lu programu Erasmus+ a Evropsk\u00e9ho sboru solidarity Kontaktn\u00ed osoba: Na\u0161e \u0161kola se zapojuje do programu ERASMUS+ projekty spolupr\u00e1ce a mobilit osob v oblasti vzd\u011bl\u00e1v\u00e1n\u00ed, kter\u00e9 jsou podpo\u0159eny Evropskou komis\u00ed. KA1 (2023-2027)&#46;&#46;&#46;<\/p>\n","protected":false},"author":1,"featured_media":0,"parent":0,"menu_order":0,"comment_status":"closed","ping_status":"closed","template":"","meta":{"footnotes":""},"class_list":["post-2601","page","type-page","status-publish","hentry"],"_links":{"self":[{"href":"https:\/\/www.gym-karvina.cz\/index.php?rest_route=\/wp\/v2\/pages\/2601","targetHints":{"allow":["GET"]}}],"collection":[{"href":"https:\/\/www.gym-karvina.cz\/index.php?rest_route=\/wp\/v2\/pages"}],"about":[{"href":"https:\/\/www.gym-karvina.cz\/index.php?rest_route=\/wp\/v2\/types\/page"}],"author":[{"embeddable":true,"href":"https:\/\/www.gym-karvina.cz\/index.php?rest_route=\/wp\/v2\/users\/1"}],"replies":[{"embeddable":true,"href":"https:\/\/www.gym-karvina.cz\/index.php?rest_route=%2Fwp%2Fv2%2Fcomments&post=2601"}],"version-history":[{"count":55,"href":"https:\/\/www.gym-karvina.cz\/index.php?rest_route=\/wp\/v2\/pages\/2601\/revisions"}],"predecessor-version":[{"id":4058,"href":"https:\/\/www.gym-karvina.cz\/index.php?rest_route=\/wp\/v2\/pages\/2601\/revisions\/4058"}],"wp:attachment":[{"href":"https:\/\/www.gym-karvina.cz\/index.php?rest_route=%2Fwp%2Fv2%2Fmedia&parent=2601"}],"curies":[{"name":"wp","href":"https:\/\/api.w.org\/{rel}","templated":true}]}}