{"id":2666,"date":"2024-08-18T22:09:09","date_gmt":"2024-08-18T20:09:09","guid":{"rendered":"https:\/\/www.gym-karvina.cz\/?page_id=2666"},"modified":"2025-10-26T17:31:35","modified_gmt":"2025-10-26T16:31:35","slug":"akreditace","status":"publish","type":"page","link":"https:\/\/www.gym-karvina.cz\/?page_id=2666","title":{"rendered":"Akreditace"},"content":{"rendered":"\n<h4 class=\"wp-block-heading has-text-align-center\">AKREDITACE<br>S pot\u011b\u0161en\u00edm m\u016f\u017eeme ozn\u00e1mit, \u017ee nelehk\u00e1 pr\u00e1ce<br>Projektov\u00e9ho t\u00fdmu Erasmus+ na\u0161\u00ed \u0161koly se vyplatila.<\/h4>\n\n\n<div class=\"wp-block-image\">\n<figure class=\"aligncenter size-full is-resized\"><a href=\"https:\/\/www.gym-karvina.cz\/wp-content\/uploads\/2024\/08\/akreditace_erasmus.jpg\" target=\"_blank\" rel=\"noreferrer noopener\"><img loading=\"lazy\" decoding=\"async\" width=\"944\" height=\"666\" src=\"https:\/\/www.gym-karvina.cz\/wp-content\/uploads\/2024\/08\/akreditace_erasmus.jpg\" alt=\"\" class=\"wp-image-2645\" style=\"width:454px;height:auto\" srcset=\"https:\/\/www.gym-karvina.cz\/wp-content\/uploads\/2024\/08\/akreditace_erasmus.jpg 944w, https:\/\/www.gym-karvina.cz\/wp-content\/uploads\/2024\/08\/akreditace_erasmus-300x212.jpg 300w, https:\/\/www.gym-karvina.cz\/wp-content\/uploads\/2024\/08\/akreditace_erasmus-768x542.jpg 768w, https:\/\/www.gym-karvina.cz\/wp-content\/uploads\/2024\/08\/akreditace_erasmus-24x17.jpg 24w, https:\/\/www.gym-karvina.cz\/wp-content\/uploads\/2024\/08\/akreditace_erasmus-36x25.jpg 36w, https:\/\/www.gym-karvina.cz\/wp-content\/uploads\/2024\/08\/akreditace_erasmus-48x34.jpg 48w\" sizes=\"auto, (max-width: 944px) 100vw, 944px\" \/><\/a><\/figure>\n<\/div>\n\n\n<div style=\"height:25px\" aria-hidden=\"true\" class=\"wp-block-spacer\"><\/div>\n\n\n\n<p>Na\u0161e gymn\u00e1zium se za\u0159adilo mezi \u00fazk\u00fd okruh st\u0159edn\u00edch \u0161kol, kter\u00fdm byla \u00fasp\u011b\u0161n\u011b schv\u00e1lena akreditace v oblasti \u0161koln\u00edho vzd\u011bl\u00e1v\u00e1n\u00ed v r\u00e1mci evropsk\u00e9ho programu Erasmus+ na obdob\u00ed 2022\u20132027. Abychom akreditaci z\u00edskali, museli jsme p\u0159edlo\u017eit strategick\u00fd pl\u00e1n \u0161koly do roku 2027 s vizemi a dlouhodob\u00fdmi c\u00edli \u0161koly. Museli jsme p\u0159edstavit aktivity \u0161koly, kter\u00e9 s uveden\u00fdmi c\u00edli souvisej\u00ed a jsou ji\u017e realizov\u00e1ny nebo kter\u00e9 chceme d\u00edky dotac\u00edm realizovat.<\/p>\n\n\n\n<p>Z\u00edskan\u00e1 akreditace je ocen\u011bn\u00edm kvality bohat\u00e9ho zahrani\u010dn\u00edho programu na\u0161eho gymn\u00e1zia a tendence zav\u00e1d\u011bn\u00ed inovativn\u00edch metodick\u00fdch postup\u016f do \u0161koln\u00edho vzd\u011bl\u00e1v\u00e1n\u00ed. Status akreditovan\u00e9 organizace na\u0161\u00ed \u0161kole umo\u017en\u00ed ji\u017e bez slo\u017eit\u00fdch \u017e\u00e1dost\u00ed v n\u00e1sleduj\u00edc\u00edch p\u011bti letech napl\u0148ovat n\u00e1\u0161 dlouhodob\u00fd pl\u00e1n zahrani\u010dn\u00edch mobilit student\u016f a u\u010ditel\u016f, zahrnuj\u00edc\u00ed mimo jin\u00e9 studentsk\u00e9 v\u00fdm\u011bny, st\u00ednov\u00e1n\u00ed u\u010ditel\u016f v zahrani\u010d\u00ed \u010di jazykov\u00e9 kurzy a odborn\u00e1 \u0161kolen\u00ed u\u010ditel\u016f v zem\u00edch Evropsk\u00e9 unie.&nbsp;<\/p>\n\n\n\n<h6 class=\"wp-block-heading has-text-align-center\"><a href=\"https:\/\/www.gym-karvina.cz\/wp-content\/uploads\/2024\/08\/gyka_evropsky_plan_rozvoje_skoly_22-27.pdf\" data-type=\"attachment\" data-id=\"2692\" target=\"_blank\" rel=\"noreferrer noopener\">European Development Plan<\/a><\/h6>\n\n\n<div class=\"wp-block-image\">\n<figure class=\"aligncenter size-medium\"><img loading=\"lazy\" decoding=\"async\" width=\"279\" height=\"300\" src=\"https:\/\/www.gym-karvina.cz\/wp-content\/uploads\/2024\/10\/eu_flag-279x300.png\" alt=\"\" class=\"wp-image-3639\" srcset=\"https:\/\/www.gym-karvina.cz\/wp-content\/uploads\/2024\/10\/eu_flag-279x300.png 279w, https:\/\/www.gym-karvina.cz\/wp-content\/uploads\/2024\/10\/eu_flag-22x24.png 22w, https:\/\/www.gym-karvina.cz\/wp-content\/uploads\/2024\/10\/eu_flag-33x36.png 33w, https:\/\/www.gym-karvina.cz\/wp-content\/uploads\/2024\/10\/eu_flag-45x48.png 45w, https:\/\/www.gym-karvina.cz\/wp-content\/uploads\/2024\/10\/eu_flag.png 685w\" sizes=\"auto, (max-width: 279px) 100vw, 279px\" \/><\/figure>\n<\/div>\n\n\n<p><strong>DECLARATION: <\/strong>This project has been funded with support from the European Commission. This article reflects the views only of the author, and the Commission cannot be held responsible for any use which may be made of the information contained therein.<\/p>\n\n\n\n<hr class=\"wp-block-separator has-alpha-channel-opacity\"\/>\n\n\n\n<h4 class=\"wp-block-heading\">T\u0159et\u00ed akredita\u010dn\u00ed obdob\u00ed (A3 &#8211; ENWOTAL continued)<\/h4>\n\n\n\n<h5 class=\"wp-block-heading\">\u010derven 2025 &#8211; srpen 2026<\/h5>\n\n\n<ul class=\"wp-block-latest-posts__list is-grid columns-3 has-dates wp-block-latest-posts\"><li><div class=\"wp-block-latest-posts__featured-image alignleft\"><a href=\"https:\/\/www.gym-karvina.cz\/?p=7093\" aria-label=\"Ji\u0159ina Machancov\u00e1 \u2013 st\u00ednov\u00e1n\u00ed na Slovensku\"><img loading=\"lazy\" decoding=\"async\" width=\"150\" height=\"150\" src=\"https:\/\/www.gym-karvina.cz\/wp-content\/uploads\/2024\/10\/logo-maskot-150x150.png\" class=\"attachment-thumbnail size-thumbnail wp-post-image\" alt=\"\" style=\"max-width:113px;max-height:113px;\" srcset=\"https:\/\/www.gym-karvina.cz\/wp-content\/uploads\/2024\/10\/logo-maskot-150x150.png 150w, https:\/\/www.gym-karvina.cz\/wp-content\/uploads\/2024\/10\/logo-maskot-80x80.png 80w, https:\/\/www.gym-karvina.cz\/wp-content\/uploads\/2024\/10\/logo-maskot-320x320.png 320w\" sizes=\"auto, (max-width: 150px) 100vw, 150px\" \/><\/a><\/div><a class=\"wp-block-latest-posts__post-title\" href=\"https:\/\/www.gym-karvina.cz\/?p=7093\">Ji\u0159ina Machancov\u00e1 \u2013 st\u00ednov\u00e1n\u00ed na Slovensku<\/a><time datetime=\"2026-04-09T16:38:01+02:00\" class=\"wp-block-latest-posts__post-date\">9. 4. 2026<\/time><\/li>\n<li><div class=\"wp-block-latest-posts__featured-image alignleft\"><a href=\"https:\/\/www.gym-karvina.cz\/?p=7086\" aria-label=\"Martin Brz\u00f3ska \u2013 st\u00ednov\u00e1n\u00ed na Slovensku\"><img loading=\"lazy\" decoding=\"async\" width=\"150\" height=\"150\" src=\"https:\/\/www.gym-karvina.cz\/wp-content\/uploads\/2024\/10\/logo-maskot-150x150.png\" class=\"attachment-thumbnail size-thumbnail wp-post-image\" alt=\"\" style=\"max-width:113px;max-height:113px;\" srcset=\"https:\/\/www.gym-karvina.cz\/wp-content\/uploads\/2024\/10\/logo-maskot-150x150.png 150w, https:\/\/www.gym-karvina.cz\/wp-content\/uploads\/2024\/10\/logo-maskot-80x80.png 80w, https:\/\/www.gym-karvina.cz\/wp-content\/uploads\/2024\/10\/logo-maskot-320x320.png 320w\" sizes=\"auto, (max-width: 150px) 100vw, 150px\" \/><\/a><\/div><a class=\"wp-block-latest-posts__post-title\" href=\"https:\/\/www.gym-karvina.cz\/?p=7086\">Martin Brz\u00f3ska \u2013 st\u00ednov\u00e1n\u00ed na Slovensku<\/a><time datetime=\"2026-04-09T16:26:51+02:00\" class=\"wp-block-latest-posts__post-date\">9. 4. 2026<\/time><\/li>\n<li><div class=\"wp-block-latest-posts__featured-image alignleft\"><a href=\"https:\/\/www.gym-karvina.cz\/?p=7074\" aria-label=\"Francouzsk\u00fd Erasmus v Karvin\u00e9\"><img loading=\"lazy\" decoding=\"async\" width=\"150\" height=\"150\" src=\"https:\/\/www.gym-karvina.cz\/wp-content\/uploads\/2026\/04\/IMG_2553-150x150.jpeg\" class=\"attachment-thumbnail size-thumbnail wp-post-image\" alt=\"\" style=\"max-width:113px;max-height:113px;\" srcset=\"https:\/\/www.gym-karvina.cz\/wp-content\/uploads\/2026\/04\/IMG_2553-150x150.jpeg 150w, https:\/\/www.gym-karvina.cz\/wp-content\/uploads\/2026\/04\/IMG_2553-80x80.jpeg 80w, https:\/\/www.gym-karvina.cz\/wp-content\/uploads\/2026\/04\/IMG_2553-320x320.jpeg 320w\" sizes=\"auto, (max-width: 150px) 100vw, 150px\" \/><\/a><\/div><a class=\"wp-block-latest-posts__post-title\" href=\"https:\/\/www.gym-karvina.cz\/?p=7074\">Francouzsk\u00fd Erasmus v Karvin\u00e9<\/a><time datetime=\"2026-04-07T11:27:14+02:00\" class=\"wp-block-latest-posts__post-date\">7. 4. 2026<\/time><\/li>\n<li><div class=\"wp-block-latest-posts__featured-image alignleft\"><a href=\"https:\/\/www.gym-karvina.cz\/?p=6978\" aria-label=\"Stopy uhl\u00ed v Karvin\u00e9 a v Gij\u00f3nu aneb Most p\u0159\u00e1telstv\u00ed, interkulturality a p\u0159ekon\u00e1v\u00e1n\u00ed jazykov\u00fdch bari\u00e9r\"><img loading=\"lazy\" decoding=\"async\" width=\"150\" height=\"150\" src=\"https:\/\/www.gym-karvina.cz\/wp-content\/uploads\/2026\/03\/IMG_4263-1-150x150.jpeg\" class=\"attachment-thumbnail size-thumbnail wp-post-image\" alt=\"\" style=\"max-width:113px;max-height:113px;\" srcset=\"https:\/\/www.gym-karvina.cz\/wp-content\/uploads\/2026\/03\/IMG_4263-1-150x150.jpeg 150w, https:\/\/www.gym-karvina.cz\/wp-content\/uploads\/2026\/03\/IMG_4263-1-80x80.jpeg 80w, https:\/\/www.gym-karvina.cz\/wp-content\/uploads\/2026\/03\/IMG_4263-1-320x320.jpeg 320w\" sizes=\"auto, (max-width: 150px) 100vw, 150px\" \/><\/a><\/div><a class=\"wp-block-latest-posts__post-title\" href=\"https:\/\/www.gym-karvina.cz\/?p=6978\">Stopy uhl\u00ed v Karvin\u00e9 a v Gij\u00f3nu aneb Most p\u0159\u00e1telstv\u00ed, interkulturality a p\u0159ekon\u00e1v\u00e1n\u00ed jazykov\u00fdch bari\u00e9r<\/a><time datetime=\"2026-03-20T09:32:25+01:00\" class=\"wp-block-latest-posts__post-date\">20. 3. 2026<\/time><\/li>\n<li><div class=\"wp-block-latest-posts__featured-image alignleft\"><a href=\"https:\/\/www.gym-karvina.cz\/?p=7001\" aria-label=\"Monika Brz\u00e1 \u2013 kurz na Kan\u00e1rsk\u00fdch ostrovech\"><img loading=\"lazy\" decoding=\"async\" width=\"150\" height=\"150\" src=\"https:\/\/www.gym-karvina.cz\/wp-content\/uploads\/2024\/10\/logo-maskot-150x150.png\" class=\"attachment-thumbnail size-thumbnail wp-post-image\" alt=\"\" style=\"max-width:113px;max-height:113px;\" srcset=\"https:\/\/www.gym-karvina.cz\/wp-content\/uploads\/2024\/10\/logo-maskot-150x150.png 150w, https:\/\/www.gym-karvina.cz\/wp-content\/uploads\/2024\/10\/logo-maskot-80x80.png 80w, https:\/\/www.gym-karvina.cz\/wp-content\/uploads\/2024\/10\/logo-maskot-320x320.png 320w\" sizes=\"auto, (max-width: 150px) 100vw, 150px\" \/><\/a><\/div><a class=\"wp-block-latest-posts__post-title\" href=\"https:\/\/www.gym-karvina.cz\/?p=7001\">Monika Brz\u00e1 \u2013 kurz na Kan\u00e1rsk\u00fdch ostrovech<\/a><time datetime=\"2026-02-27T14:41:30+01:00\" class=\"wp-block-latest-posts__post-date\">27. 2. 2026<\/time><\/li>\n<li><div class=\"wp-block-latest-posts__featured-image alignleft\"><a href=\"https:\/\/www.gym-karvina.cz\/?p=5945\" aria-label=\"ERASMUS+ VE \u0160PAN\u011aLSKU\"><img loading=\"lazy\" decoding=\"async\" width=\"150\" height=\"150\" src=\"https:\/\/www.gym-karvina.cz\/wp-content\/uploads\/2025\/11\/q-150x150.jpg\" class=\"attachment-thumbnail size-thumbnail wp-post-image\" alt=\"\" style=\"max-width:113px;max-height:113px;\" srcset=\"https:\/\/www.gym-karvina.cz\/wp-content\/uploads\/2025\/11\/q-150x150.jpg 150w, https:\/\/www.gym-karvina.cz\/wp-content\/uploads\/2025\/11\/q-80x80.jpg 80w, https:\/\/www.gym-karvina.cz\/wp-content\/uploads\/2025\/11\/q-320x320.jpg 320w\" sizes=\"auto, (max-width: 150px) 100vw, 150px\" \/><\/a><\/div><a class=\"wp-block-latest-posts__post-title\" href=\"https:\/\/www.gym-karvina.cz\/?p=5945\">ERASMUS+ VE \u0160PAN\u011aLSKU<\/a><time datetime=\"2025-11-05T04:20:18+01:00\" class=\"wp-block-latest-posts__post-date\">5. 11. 2025<\/time><\/li>\n<li><div class=\"wp-block-latest-posts__featured-image alignleft\"><a href=\"https:\/\/www.gym-karvina.cz\/?p=5754\" aria-label=\"ERASMUS+ V RUMUNSKU\"><img loading=\"lazy\" decoding=\"async\" width=\"150\" height=\"150\" src=\"https:\/\/www.gym-karvina.cz\/wp-content\/uploads\/2025\/10\/Untitled-150x150.png\" class=\"attachment-thumbnail size-thumbnail wp-post-image\" alt=\"\" style=\"max-width:113px;max-height:113px;\" srcset=\"https:\/\/www.gym-karvina.cz\/wp-content\/uploads\/2025\/10\/Untitled-150x150.png 150w, https:\/\/www.gym-karvina.cz\/wp-content\/uploads\/2025\/10\/Untitled-80x80.png 80w, https:\/\/www.gym-karvina.cz\/wp-content\/uploads\/2025\/10\/Untitled-24x24.png 24w, https:\/\/www.gym-karvina.cz\/wp-content\/uploads\/2025\/10\/Untitled-36x36.png 36w, https:\/\/www.gym-karvina.cz\/wp-content\/uploads\/2025\/10\/Untitled-48x48.png 48w, https:\/\/www.gym-karvina.cz\/wp-content\/uploads\/2025\/10\/Untitled.png 250w\" sizes=\"auto, (max-width: 150px) 100vw, 150px\" \/><\/a><\/div><a class=\"wp-block-latest-posts__post-title\" href=\"https:\/\/www.gym-karvina.cz\/?p=5754\">ERASMUS+ V RUMUNSKU<\/a><time datetime=\"2025-10-12T15:05:33+02:00\" class=\"wp-block-latest-posts__post-date\">12. 10. 2025<\/time><\/li>\n<li><div class=\"wp-block-latest-posts__featured-image alignleft\"><a href=\"https:\/\/www.gym-karvina.cz\/?p=5894\" aria-label=\"Iva Vrbov\u00e1 \u2013 st\u00ednov\u00e1n\u00ed ve Francii\"><img loading=\"lazy\" decoding=\"async\" width=\"150\" height=\"150\" src=\"https:\/\/www.gym-karvina.cz\/wp-content\/uploads\/2024\/10\/logo-maskot-150x150.png\" class=\"attachment-thumbnail size-thumbnail wp-post-image\" alt=\"\" style=\"max-width:113px;max-height:113px;\" srcset=\"https:\/\/www.gym-karvina.cz\/wp-content\/uploads\/2024\/10\/logo-maskot-150x150.png 150w, https:\/\/www.gym-karvina.cz\/wp-content\/uploads\/2024\/10\/logo-maskot-80x80.png 80w, https:\/\/www.gym-karvina.cz\/wp-content\/uploads\/2024\/10\/logo-maskot-320x320.png 320w\" sizes=\"auto, (max-width: 150px) 100vw, 150px\" \/><\/a><\/div><a class=\"wp-block-latest-posts__post-title\" href=\"https:\/\/www.gym-karvina.cz\/?p=5894\">Iva Vrbov\u00e1 \u2013 st\u00ednov\u00e1n\u00ed ve Francii<\/a><time datetime=\"2025-10-06T20:52:10+02:00\" class=\"wp-block-latest-posts__post-date\">6. 10. 2025<\/time><\/li>\n<\/ul>\n\n\n<hr class=\"wp-block-separator has-alpha-channel-opacity\"\/>\n\n\n\n<h4 class=\"wp-block-heading\">Druh\u00e9 akredita\u010dn\u00ed obdob\u00ed (A2 &#8211; ENWOTAL continued)<\/h4>\n\n\n\n<h5 class=\"wp-block-heading\">\u010derven 2024 &#8211; srpen 2025<\/h5>\n\n\n<ul class=\"wp-block-latest-posts__list is-grid columns-3 has-dates wp-block-latest-posts\"><li><div class=\"wp-block-latest-posts__featured-image alignleft\"><a href=\"https:\/\/www.gym-karvina.cz\/?p=5561\" aria-label=\"Henrik Szotkowski \u2013 kurz na Malt\u011b\"><img loading=\"lazy\" decoding=\"async\" width=\"150\" height=\"150\" src=\"https:\/\/www.gym-karvina.cz\/wp-content\/uploads\/2024\/10\/logo-maskot-150x150.png\" class=\"attachment-thumbnail size-thumbnail wp-post-image\" alt=\"\" style=\"max-width:113px;max-height:113px;\" srcset=\"https:\/\/www.gym-karvina.cz\/wp-content\/uploads\/2024\/10\/logo-maskot-150x150.png 150w, https:\/\/www.gym-karvina.cz\/wp-content\/uploads\/2024\/10\/logo-maskot-80x80.png 80w, https:\/\/www.gym-karvina.cz\/wp-content\/uploads\/2024\/10\/logo-maskot-320x320.png 320w\" sizes=\"auto, (max-width: 150px) 100vw, 150px\" \/><\/a><\/div><a class=\"wp-block-latest-posts__post-title\" href=\"https:\/\/www.gym-karvina.cz\/?p=5561\">Henrik Szotkowski \u2013 kurz na Malt\u011b<\/a><time datetime=\"2025-08-22T21:20:52+02:00\" class=\"wp-block-latest-posts__post-date\">22. 8. 2025<\/time><\/li>\n<li><div class=\"wp-block-latest-posts__featured-image alignleft\"><a href=\"https:\/\/www.gym-karvina.cz\/?p=5555\" aria-label=\"Petra Brz\u00f3skov\u00e1 &#8211; kurz v Irsku\"><img loading=\"lazy\" decoding=\"async\" width=\"150\" height=\"150\" src=\"https:\/\/www.gym-karvina.cz\/wp-content\/uploads\/2024\/10\/logo-maskot-150x150.png\" class=\"attachment-thumbnail size-thumbnail wp-post-image\" alt=\"\" style=\"max-width:113px;max-height:113px;\" srcset=\"https:\/\/www.gym-karvina.cz\/wp-content\/uploads\/2024\/10\/logo-maskot-150x150.png 150w, https:\/\/www.gym-karvina.cz\/wp-content\/uploads\/2024\/10\/logo-maskot-80x80.png 80w, https:\/\/www.gym-karvina.cz\/wp-content\/uploads\/2024\/10\/logo-maskot-320x320.png 320w\" sizes=\"auto, (max-width: 150px) 100vw, 150px\" \/><\/a><\/div><a class=\"wp-block-latest-posts__post-title\" href=\"https:\/\/www.gym-karvina.cz\/?p=5555\">Petra Brz\u00f3skov\u00e1 &#8211; kurz v Irsku<\/a><time datetime=\"2025-07-28T17:11:00+02:00\" class=\"wp-block-latest-posts__post-date\">28. 7. 2025<\/time><\/li>\n<li><div class=\"wp-block-latest-posts__featured-image alignleft\"><a href=\"https:\/\/www.gym-karvina.cz\/?p=5457\" aria-label=\"European Youth Event in Strasbourg aneb EYE 2025\"><img loading=\"lazy\" decoding=\"async\" width=\"150\" height=\"150\" src=\"https:\/\/www.gym-karvina.cz\/wp-content\/uploads\/2025\/06\/EYE25-3-1-150x150.jpg\" class=\"attachment-thumbnail size-thumbnail wp-post-image\" alt=\"\" style=\"max-width:113px;max-height:113px;\" srcset=\"https:\/\/www.gym-karvina.cz\/wp-content\/uploads\/2025\/06\/EYE25-3-1-150x150.jpg 150w, https:\/\/www.gym-karvina.cz\/wp-content\/uploads\/2025\/06\/EYE25-3-1-80x80.jpg 80w, https:\/\/www.gym-karvina.cz\/wp-content\/uploads\/2025\/06\/EYE25-3-1-320x320.jpg 320w, https:\/\/www.gym-karvina.cz\/wp-content\/uploads\/2025\/06\/EYE25-3-1-24x24.jpg 24w, https:\/\/www.gym-karvina.cz\/wp-content\/uploads\/2025\/06\/EYE25-3-1-36x36.jpg 36w\" sizes=\"auto, (max-width: 150px) 100vw, 150px\" \/><\/a><\/div><a class=\"wp-block-latest-posts__post-title\" href=\"https:\/\/www.gym-karvina.cz\/?p=5457\">European Youth Event in Strasbourg aneb EYE 2025<\/a><time datetime=\"2025-06-23T09:34:55+02:00\" class=\"wp-block-latest-posts__post-date\">23. 6. 2025<\/time><\/li>\n<li><div class=\"wp-block-latest-posts__featured-image alignleft\"><a href=\"https:\/\/www.gym-karvina.cz\/?p=4893\" aria-label=\"T\u00fdden Erasmus+ na Gymn\u00e1ziu Karvin\u00e1\"><img loading=\"lazy\" decoding=\"async\" width=\"150\" height=\"150\" src=\"https:\/\/www.gym-karvina.cz\/wp-content\/uploads\/2025\/04\/20250404_110626-1-150x150.jpg\" class=\"attachment-thumbnail size-thumbnail wp-post-image\" alt=\"\" style=\"max-width:113px;max-height:113px;\" srcset=\"https:\/\/www.gym-karvina.cz\/wp-content\/uploads\/2025\/04\/20250404_110626-1-150x150.jpg 150w, https:\/\/www.gym-karvina.cz\/wp-content\/uploads\/2025\/04\/20250404_110626-1-80x80.jpg 80w, https:\/\/www.gym-karvina.cz\/wp-content\/uploads\/2025\/04\/20250404_110626-1-320x320.jpg 320w\" sizes=\"auto, (max-width: 150px) 100vw, 150px\" \/><\/a><\/div><a class=\"wp-block-latest-posts__post-title\" href=\"https:\/\/www.gym-karvina.cz\/?p=4893\">T\u00fdden Erasmus+ na Gymn\u00e1ziu Karvin\u00e1<\/a><time datetime=\"2025-04-16T09:46:02+02:00\" class=\"wp-block-latest-posts__post-date\">16. 4. 2025<\/time><\/li>\n<li><div class=\"wp-block-latest-posts__featured-image alignleft\"><a href=\"https:\/\/www.gym-karvina.cz\/?p=4854\" aria-label=\"Projektov\u00e9 setk\u00e1n\u00ed s francouzskou \u0161kolou aneb &#8222;Co m\u00e1 spole\u010dn\u00e9ho croissant a frg\u00e1l?&#8220;\"><img loading=\"lazy\" decoding=\"async\" width=\"150\" height=\"150\" src=\"https:\/\/www.gym-karvina.cz\/wp-content\/uploads\/2024\/08\/erasmusplus-150x150.png\" class=\"attachment-thumbnail size-thumbnail wp-post-image\" alt=\"\" style=\"max-width:113px;max-height:113px;\" srcset=\"https:\/\/www.gym-karvina.cz\/wp-content\/uploads\/2024\/08\/erasmusplus-150x150.png 150w, https:\/\/www.gym-karvina.cz\/wp-content\/uploads\/2024\/08\/erasmusplus-80x80.png 80w\" sizes=\"auto, (max-width: 150px) 100vw, 150px\" \/><\/a><\/div><a class=\"wp-block-latest-posts__post-title\" href=\"https:\/\/www.gym-karvina.cz\/?p=4854\">Projektov\u00e9 setk\u00e1n\u00ed s francouzskou \u0161kolou aneb &#8222;Co m\u00e1 spole\u010dn\u00e9ho croissant a frg\u00e1l?&#8220;<\/a><time datetime=\"2025-04-10T22:00:00+02:00\" class=\"wp-block-latest-posts__post-date\">10. 4. 2025<\/time><\/li>\n<li><div class=\"wp-block-latest-posts__featured-image alignleft\"><a href=\"https:\/\/www.gym-karvina.cz\/?p=4852\" aria-label=\"Projektov\u00e9 setk\u00e1n\u00ed s rumunskou \u0161kolou\"><img loading=\"lazy\" decoding=\"async\" width=\"150\" height=\"150\" src=\"https:\/\/www.gym-karvina.cz\/wp-content\/uploads\/2024\/08\/erasmusplus-150x150.png\" class=\"attachment-thumbnail size-thumbnail wp-post-image\" alt=\"\" style=\"max-width:113px;max-height:113px;\" srcset=\"https:\/\/www.gym-karvina.cz\/wp-content\/uploads\/2024\/08\/erasmusplus-150x150.png 150w, https:\/\/www.gym-karvina.cz\/wp-content\/uploads\/2024\/08\/erasmusplus-80x80.png 80w\" sizes=\"auto, (max-width: 150px) 100vw, 150px\" \/><\/a><\/div><a class=\"wp-block-latest-posts__post-title\" href=\"https:\/\/www.gym-karvina.cz\/?p=4852\">Projektov\u00e9 setk\u00e1n\u00ed s rumunskou \u0161kolou<\/a><time datetime=\"2025-04-10T21:54:42+02:00\" class=\"wp-block-latest-posts__post-date\">10. 4. 2025<\/time><\/li>\n<li><div class=\"wp-block-latest-posts__featured-image alignleft\"><a href=\"https:\/\/www.gym-karvina.cz\/?p=4849\" aria-label=\"V\u00fdm\u011bnn\u00fd pobyt Erasmus+ s Rakouskem\"><img loading=\"lazy\" decoding=\"async\" width=\"150\" height=\"150\" src=\"https:\/\/www.gym-karvina.cz\/wp-content\/uploads\/2024\/08\/erasmusplus-150x150.png\" class=\"attachment-thumbnail size-thumbnail wp-post-image\" alt=\"\" style=\"max-width:113px;max-height:113px;\" srcset=\"https:\/\/www.gym-karvina.cz\/wp-content\/uploads\/2024\/08\/erasmusplus-150x150.png 150w, https:\/\/www.gym-karvina.cz\/wp-content\/uploads\/2024\/08\/erasmusplus-80x80.png 80w\" sizes=\"auto, (max-width: 150px) 100vw, 150px\" \/><\/a><\/div><a class=\"wp-block-latest-posts__post-title\" href=\"https:\/\/www.gym-karvina.cz\/?p=4849\">V\u00fdm\u011bnn\u00fd pobyt Erasmus+ s Rakouskem<\/a><time datetime=\"2025-04-10T21:48:39+02:00\" class=\"wp-block-latest-posts__post-date\">10. 4. 2025<\/time><\/li>\n<li><div class=\"wp-block-latest-posts__featured-image alignleft\"><a href=\"https:\/\/www.gym-karvina.cz\/?p=4840\" aria-label=\"Sylva Divi\u0161ov\u00e1 \u2013 st\u00ednov\u00e1n\u00ed na Slovensku\"><img loading=\"lazy\" decoding=\"async\" width=\"150\" height=\"150\" src=\"https:\/\/www.gym-karvina.cz\/wp-content\/uploads\/2024\/10\/logo-maskot-150x150.png\" class=\"attachment-thumbnail size-thumbnail wp-post-image\" alt=\"\" style=\"max-width:113px;max-height:113px;\" srcset=\"https:\/\/www.gym-karvina.cz\/wp-content\/uploads\/2024\/10\/logo-maskot-150x150.png 150w, https:\/\/www.gym-karvina.cz\/wp-content\/uploads\/2024\/10\/logo-maskot-80x80.png 80w, https:\/\/www.gym-karvina.cz\/wp-content\/uploads\/2024\/10\/logo-maskot-320x320.png 320w\" sizes=\"auto, (max-width: 150px) 100vw, 150px\" \/><\/a><\/div><a class=\"wp-block-latest-posts__post-title\" href=\"https:\/\/www.gym-karvina.cz\/?p=4840\">Sylva Divi\u0161ov\u00e1 \u2013 st\u00ednov\u00e1n\u00ed na Slovensku<\/a><time datetime=\"2025-03-07T10:57:02+01:00\" class=\"wp-block-latest-posts__post-date\">7. 3. 2025<\/time><\/li>\n<li><div class=\"wp-block-latest-posts__featured-image alignleft\"><a href=\"https:\/\/www.gym-karvina.cz\/?p=4776\" aria-label=\"Monika Brz\u00e1 \u2013 st\u00ednov\u00e1n\u00ed na Slovensku\"><img loading=\"lazy\" decoding=\"async\" width=\"150\" height=\"150\" src=\"https:\/\/www.gym-karvina.cz\/wp-content\/uploads\/2024\/10\/logo-maskot-150x150.png\" class=\"attachment-thumbnail size-thumbnail wp-post-image\" alt=\"\" style=\"max-width:113px;max-height:113px;\" srcset=\"https:\/\/www.gym-karvina.cz\/wp-content\/uploads\/2024\/10\/logo-maskot-150x150.png 150w, https:\/\/www.gym-karvina.cz\/wp-content\/uploads\/2024\/10\/logo-maskot-80x80.png 80w, https:\/\/www.gym-karvina.cz\/wp-content\/uploads\/2024\/10\/logo-maskot-320x320.png 320w\" sizes=\"auto, (max-width: 150px) 100vw, 150px\" \/><\/a><\/div><a class=\"wp-block-latest-posts__post-title\" href=\"https:\/\/www.gym-karvina.cz\/?p=4776\">Monika Brz\u00e1 \u2013 st\u00ednov\u00e1n\u00ed na Slovensku<\/a><time datetime=\"2025-03-03T06:55:47+01:00\" class=\"wp-block-latest-posts__post-date\">3. 3. 2025<\/time><\/li>\n<li><div class=\"wp-block-latest-posts__featured-image alignleft\"><a href=\"https:\/\/www.gym-karvina.cz\/?p=3865\" aria-label=\"P\u0159ipojili jsme se k #ErasmusDays\"><img loading=\"lazy\" decoding=\"async\" width=\"150\" height=\"150\" src=\"https:\/\/www.gym-karvina.cz\/wp-content\/uploads\/2024\/10\/Fichier-1-e1730264838656-150x150.png\" class=\"attachment-thumbnail size-thumbnail wp-post-image\" alt=\"\" style=\"max-width:113px;max-height:113px;\" srcset=\"https:\/\/www.gym-karvina.cz\/wp-content\/uploads\/2024\/10\/Fichier-1-e1730264838656-150x150.png 150w, https:\/\/www.gym-karvina.cz\/wp-content\/uploads\/2024\/10\/Fichier-1-e1730264838656-80x80.png 80w, https:\/\/www.gym-karvina.cz\/wp-content\/uploads\/2024\/10\/Fichier-1-e1730264838656-320x320.png 320w, https:\/\/www.gym-karvina.cz\/wp-content\/uploads\/2024\/10\/Fichier-1-e1730264838656-24x24.png 24w, https:\/\/www.gym-karvina.cz\/wp-content\/uploads\/2024\/10\/Fichier-1-e1730264838656-36x36.png 36w\" sizes=\"auto, (max-width: 150px) 100vw, 150px\" \/><\/a><\/div><a class=\"wp-block-latest-posts__post-title\" href=\"https:\/\/www.gym-karvina.cz\/?p=3865\">P\u0159ipojili jsme se k #ErasmusDays<\/a><time datetime=\"2024-10-21T14:22:21+02:00\" class=\"wp-block-latest-posts__post-date\">21. 10. 2024<\/time><\/li>\n<li><div class=\"wp-block-latest-posts__featured-image alignleft\"><a href=\"https:\/\/www.gym-karvina.cz\/?p=3586\" aria-label=\"ERASMUS+ \u00c9CHANGE FRANCIE 2024 &#8211; NIC NEN\u00cd NEMO\u017dN\u00c9\"><img loading=\"lazy\" decoding=\"async\" width=\"150\" height=\"150\" src=\"https:\/\/www.gym-karvina.cz\/wp-content\/uploads\/2024\/10\/kohoutek2-150x150.jpg\" class=\"attachment-thumbnail size-thumbnail wp-post-image\" alt=\"\" style=\"max-width:113px;max-height:113px;\" srcset=\"https:\/\/www.gym-karvina.cz\/wp-content\/uploads\/2024\/10\/kohoutek2-150x150.jpg 150w, https:\/\/www.gym-karvina.cz\/wp-content\/uploads\/2024\/10\/kohoutek2-80x80.jpg 80w, https:\/\/www.gym-karvina.cz\/wp-content\/uploads\/2024\/10\/kohoutek2-24x24.jpg 24w, https:\/\/www.gym-karvina.cz\/wp-content\/uploads\/2024\/10\/kohoutek2-36x36.jpg 36w, https:\/\/www.gym-karvina.cz\/wp-content\/uploads\/2024\/10\/kohoutek2-48x48.jpg 48w, https:\/\/www.gym-karvina.cz\/wp-content\/uploads\/2024\/10\/kohoutek2.jpg 250w\" sizes=\"auto, (max-width: 150px) 100vw, 150px\" \/><\/a><\/div><a class=\"wp-block-latest-posts__post-title\" href=\"https:\/\/www.gym-karvina.cz\/?p=3586\">ERASMUS+ \u00c9CHANGE FRANCIE 2024 &#8211; NIC NEN\u00cd NEMO\u017dN\u00c9<\/a><time datetime=\"2024-10-11T16:05:22+02:00\" class=\"wp-block-latest-posts__post-date\">11. 10. 2024<\/time><\/li>\n<li><div class=\"wp-block-latest-posts__featured-image alignleft\"><a href=\"https:\/\/www.gym-karvina.cz\/?p=3565\" aria-label=\"Je mo\u017en\u00e9 cestovat v\u00a0\u010dase?\"><img loading=\"lazy\" decoding=\"async\" width=\"150\" height=\"150\" src=\"https:\/\/www.gym-karvina.cz\/wp-content\/uploads\/2024\/10\/imageddd-150x150.jpeg\" class=\"attachment-thumbnail size-thumbnail wp-post-image\" alt=\"\" style=\"max-width:113px;max-height:113px;\" srcset=\"https:\/\/www.gym-karvina.cz\/wp-content\/uploads\/2024\/10\/imageddd-150x150.jpeg 150w, https:\/\/www.gym-karvina.cz\/wp-content\/uploads\/2024\/10\/imageddd-80x80.jpeg 80w, https:\/\/www.gym-karvina.cz\/wp-content\/uploads\/2024\/10\/imageddd-320x320.jpeg 320w\" sizes=\"auto, (max-width: 150px) 100vw, 150px\" \/><\/a><\/div><a class=\"wp-block-latest-posts__post-title\" href=\"https:\/\/www.gym-karvina.cz\/?p=3565\">Je mo\u017en\u00e9 cestovat v\u00a0\u010dase?<\/a><time datetime=\"2024-10-09T21:59:22+02:00\" class=\"wp-block-latest-posts__post-date\">9. 10. 2024<\/time><\/li>\n<li><div class=\"wp-block-latest-posts__featured-image alignleft\"><a href=\"https:\/\/www.gym-karvina.cz\/?p=3540\" aria-label=\"Erasmus+   v\u00fdm\u011bnn\u00fd program \u010cesko &#8211; Rakousko\"><img loading=\"lazy\" decoding=\"async\" width=\"150\" height=\"150\" src=\"https:\/\/www.gym-karvina.cz\/wp-content\/uploads\/2024\/10\/obr.Erasm_w250_c-1-150x150.jpg\" class=\"attachment-thumbnail size-thumbnail wp-post-image\" alt=\"\" style=\"max-width:113px;max-height:113px;\" srcset=\"https:\/\/www.gym-karvina.cz\/wp-content\/uploads\/2024\/10\/obr.Erasm_w250_c-1-150x150.jpg 150w, https:\/\/www.gym-karvina.cz\/wp-content\/uploads\/2024\/10\/obr.Erasm_w250_c-1-80x80.jpg 80w, https:\/\/www.gym-karvina.cz\/wp-content\/uploads\/2024\/10\/obr.Erasm_w250_c-1-24x24.jpg 24w, https:\/\/www.gym-karvina.cz\/wp-content\/uploads\/2024\/10\/obr.Erasm_w250_c-1-36x36.jpg 36w, https:\/\/www.gym-karvina.cz\/wp-content\/uploads\/2024\/10\/obr.Erasm_w250_c-1-48x48.jpg 48w, https:\/\/www.gym-karvina.cz\/wp-content\/uploads\/2024\/10\/obr.Erasm_w250_c-1.jpg 250w\" sizes=\"auto, (max-width: 150px) 100vw, 150px\" \/><\/a><\/div><a class=\"wp-block-latest-posts__post-title\" href=\"https:\/\/www.gym-karvina.cz\/?p=3540\">Erasmus+   v\u00fdm\u011bnn\u00fd program \u010cesko &#8211; Rakousko<\/a><time datetime=\"2024-10-07T19:46:13+02:00\" class=\"wp-block-latest-posts__post-date\">7. 10. 2024<\/time><\/li>\n<li><div class=\"wp-block-latest-posts__featured-image alignleft\"><a href=\"https:\/\/www.gym-karvina.cz\/?p=3354\" aria-label=\"S programem Erasmus+ do V\u00eddn\u011b\"><img loading=\"lazy\" decoding=\"async\" width=\"150\" height=\"150\" src=\"https:\/\/www.gym-karvina.cz\/wp-content\/uploads\/2024\/09\/virtualka-150x150.jpg\" class=\"attachment-thumbnail size-thumbnail wp-post-image\" alt=\"\" style=\"max-width:113px;max-height:113px;\" srcset=\"https:\/\/www.gym-karvina.cz\/wp-content\/uploads\/2024\/09\/virtualka-150x150.jpg 150w, https:\/\/www.gym-karvina.cz\/wp-content\/uploads\/2024\/09\/virtualka-80x80.jpg 80w\" sizes=\"auto, (max-width: 150px) 100vw, 150px\" \/><\/a><\/div><a class=\"wp-block-latest-posts__post-title\" href=\"https:\/\/www.gym-karvina.cz\/?p=3354\">S programem Erasmus+ do V\u00eddn\u011b<\/a><time datetime=\"2024-09-26T12:29:52+02:00\" class=\"wp-block-latest-posts__post-date\">26. 9. 2024<\/time><\/li>\n<li><div class=\"wp-block-latest-posts__featured-image alignleft\"><a href=\"https:\/\/www.gym-karvina.cz\/?p=3855\" aria-label=\"Ji\u0159ina Machancov\u00e1 \u2013 kurz na Malt\u011b\"><img loading=\"lazy\" decoding=\"async\" width=\"150\" height=\"150\" src=\"https:\/\/www.gym-karvina.cz\/wp-content\/uploads\/2024\/10\/logo-maskot-150x150.png\" class=\"attachment-thumbnail size-thumbnail wp-post-image\" alt=\"\" style=\"max-width:113px;max-height:113px;\" srcset=\"https:\/\/www.gym-karvina.cz\/wp-content\/uploads\/2024\/10\/logo-maskot-150x150.png 150w, https:\/\/www.gym-karvina.cz\/wp-content\/uploads\/2024\/10\/logo-maskot-80x80.png 80w, https:\/\/www.gym-karvina.cz\/wp-content\/uploads\/2024\/10\/logo-maskot-320x320.png 320w\" sizes=\"auto, (max-width: 150px) 100vw, 150px\" \/><\/a><\/div><a class=\"wp-block-latest-posts__post-title\" href=\"https:\/\/www.gym-karvina.cz\/?p=3855\">Ji\u0159ina Machancov\u00e1 \u2013 kurz na Malt\u011b<\/a><time datetime=\"2024-08-26T09:06:00+02:00\" class=\"wp-block-latest-posts__post-date\">26. 8. 2024<\/time><\/li>\n<li><div class=\"wp-block-latest-posts__featured-image alignleft\"><a href=\"https:\/\/www.gym-karvina.cz\/?p=3851\" aria-label=\"Zuzana Kardo\u0161ov\u00e1 \u2013 kurz na Malt\u011b\"><img loading=\"lazy\" decoding=\"async\" width=\"150\" height=\"150\" src=\"https:\/\/www.gym-karvina.cz\/wp-content\/uploads\/2024\/10\/logo-maskot-150x150.png\" class=\"attachment-thumbnail size-thumbnail wp-post-image\" alt=\"\" style=\"max-width:113px;max-height:113px;\" srcset=\"https:\/\/www.gym-karvina.cz\/wp-content\/uploads\/2024\/10\/logo-maskot-150x150.png 150w, https:\/\/www.gym-karvina.cz\/wp-content\/uploads\/2024\/10\/logo-maskot-80x80.png 80w, https:\/\/www.gym-karvina.cz\/wp-content\/uploads\/2024\/10\/logo-maskot-320x320.png 320w\" sizes=\"auto, (max-width: 150px) 100vw, 150px\" \/><\/a><\/div><a class=\"wp-block-latest-posts__post-title\" href=\"https:\/\/www.gym-karvina.cz\/?p=3851\">Zuzana Kardo\u0161ov\u00e1 \u2013 kurz na Malt\u011b<\/a><time datetime=\"2024-07-31T08:58:00+02:00\" class=\"wp-block-latest-posts__post-date\">31. 7. 2024<\/time><\/li>\n<li><div class=\"wp-block-latest-posts__featured-image alignleft\"><a href=\"https:\/\/www.gym-karvina.cz\/?p=3847\" aria-label=\"Milo\u0161 Ku\u010dera \u2013 st\u00ednov\u00e1n\u00ed v N\u011bmecku\"><img loading=\"lazy\" decoding=\"async\" width=\"150\" height=\"150\" src=\"https:\/\/www.gym-karvina.cz\/wp-content\/uploads\/2024\/10\/logo-maskot-150x150.png\" class=\"attachment-thumbnail size-thumbnail wp-post-image\" alt=\"\" style=\"max-width:113px;max-height:113px;\" srcset=\"https:\/\/www.gym-karvina.cz\/wp-content\/uploads\/2024\/10\/logo-maskot-150x150.png 150w, https:\/\/www.gym-karvina.cz\/wp-content\/uploads\/2024\/10\/logo-maskot-80x80.png 80w, https:\/\/www.gym-karvina.cz\/wp-content\/uploads\/2024\/10\/logo-maskot-320x320.png 320w\" sizes=\"auto, (max-width: 150px) 100vw, 150px\" \/><\/a><\/div><a class=\"wp-block-latest-posts__post-title\" href=\"https:\/\/www.gym-karvina.cz\/?p=3847\">Milo\u0161 Ku\u010dera \u2013 st\u00ednov\u00e1n\u00ed v N\u011bmecku<\/a><time datetime=\"2024-07-22T08:34:00+02:00\" class=\"wp-block-latest-posts__post-date\">22. 7. 2024<\/time><\/li>\n<li><div class=\"wp-block-latest-posts__featured-image alignleft\"><a href=\"https:\/\/www.gym-karvina.cz\/?p=3833\" aria-label=\"Alena Hele\u0161icov\u00e1 \u2013 kurz na Malt\u011b\"><img loading=\"lazy\" decoding=\"async\" width=\"150\" height=\"150\" src=\"https:\/\/www.gym-karvina.cz\/wp-content\/uploads\/2024\/10\/logo-maskot-150x150.png\" class=\"attachment-thumbnail size-thumbnail wp-post-image\" alt=\"\" style=\"max-width:113px;max-height:113px;\" srcset=\"https:\/\/www.gym-karvina.cz\/wp-content\/uploads\/2024\/10\/logo-maskot-150x150.png 150w, https:\/\/www.gym-karvina.cz\/wp-content\/uploads\/2024\/10\/logo-maskot-80x80.png 80w, https:\/\/www.gym-karvina.cz\/wp-content\/uploads\/2024\/10\/logo-maskot-320x320.png 320w\" sizes=\"auto, (max-width: 150px) 100vw, 150px\" \/><\/a><\/div><a class=\"wp-block-latest-posts__post-title\" href=\"https:\/\/www.gym-karvina.cz\/?p=3833\">Alena Hele\u0161icov\u00e1 \u2013 kurz na Malt\u011b<\/a><time datetime=\"2024-07-17T08:05:17+02:00\" class=\"wp-block-latest-posts__post-date\">17. 7. 2024<\/time><\/li>\n<\/ul>\n\n\n<hr class=\"wp-block-separator has-alpha-channel-opacity\"\/>\n\n\n\n<h4 class=\"wp-block-heading\">Prvn\u00ed akredita\u010dn\u00ed obdob\u00ed (A1 &#8211; ENWOTAL continued)<\/h4>\n\n\n\n<h5 class=\"wp-block-heading\">\u010derven 2023 &#8211; srpen 2024<\/h5>\n\n\n\n<p>Grant Evropsk\u00e9 komise ve v\u00fd\u0161i 44 920 \u20ac podpo\u0159il 45 \u017e\u00e1k\u016f a 6 zam\u011bstnanc\u016f na\u0161\u00ed \u0161koly.&nbsp;<\/p>\n\n\n<ul class=\"wp-block-latest-posts__list is-grid columns-3 has-dates wp-block-latest-posts\"><li><div class=\"wp-block-latest-posts__featured-image alignleft\"><a href=\"https:\/\/www.gym-karvina.cz\/?p=3714\" aria-label=\"Marcela Tomkov\u00e1 &#8211; kurz na Malt\u011b\"><img loading=\"lazy\" decoding=\"async\" width=\"150\" height=\"150\" src=\"https:\/\/www.gym-karvina.cz\/wp-content\/uploads\/2024\/10\/logo-maskot-150x150.png\" class=\"attachment-thumbnail size-thumbnail wp-post-image\" alt=\"\" style=\"max-width:113px;max-height:113px;\" srcset=\"https:\/\/www.gym-karvina.cz\/wp-content\/uploads\/2024\/10\/logo-maskot-150x150.png 150w, https:\/\/www.gym-karvina.cz\/wp-content\/uploads\/2024\/10\/logo-maskot-80x80.png 80w, https:\/\/www.gym-karvina.cz\/wp-content\/uploads\/2024\/10\/logo-maskot-320x320.png 320w\" sizes=\"auto, (max-width: 150px) 100vw, 150px\" \/><\/a><\/div><a class=\"wp-block-latest-posts__post-title\" href=\"https:\/\/www.gym-karvina.cz\/?p=3714\">Marcela Tomkov\u00e1 &#8211; kurz na Malt\u011b<\/a><time datetime=\"2024-08-26T11:30:14+02:00\" class=\"wp-block-latest-posts__post-date\">26. 8. 2024<\/time><\/li>\n<li><div class=\"wp-block-latest-posts__featured-image alignleft\"><a href=\"https:\/\/www.gym-karvina.cz\/?p=3712\" aria-label=\"Veronika \u010cadov\u00e1 &#8211; kurz v Ma\u010farsku\"><img loading=\"lazy\" decoding=\"async\" width=\"150\" height=\"150\" src=\"https:\/\/www.gym-karvina.cz\/wp-content\/uploads\/2024\/10\/logo-maskot-150x150.png\" class=\"attachment-thumbnail size-thumbnail wp-post-image\" alt=\"\" style=\"max-width:113px;max-height:113px;\" srcset=\"https:\/\/www.gym-karvina.cz\/wp-content\/uploads\/2024\/10\/logo-maskot-150x150.png 150w, https:\/\/www.gym-karvina.cz\/wp-content\/uploads\/2024\/10\/logo-maskot-80x80.png 80w, https:\/\/www.gym-karvina.cz\/wp-content\/uploads\/2024\/10\/logo-maskot-320x320.png 320w\" sizes=\"auto, (max-width: 150px) 100vw, 150px\" \/><\/a><\/div><a class=\"wp-block-latest-posts__post-title\" href=\"https:\/\/www.gym-karvina.cz\/?p=3712\">Veronika \u010cadov\u00e1 &#8211; kurz v Ma\u010farsku<\/a><time datetime=\"2024-08-26T11:09:00+02:00\" class=\"wp-block-latest-posts__post-date\">26. 8. 2024<\/time><\/li>\n<li><div class=\"wp-block-latest-posts__featured-image alignleft\"><a href=\"https:\/\/www.gym-karvina.cz\/?p=3676\" aria-label=\"Julie Jankov\u00e1 &#8211; kurz v Irsku\"><img loading=\"lazy\" decoding=\"async\" width=\"150\" height=\"150\" src=\"https:\/\/www.gym-karvina.cz\/wp-content\/uploads\/2024\/10\/logo-maskot-150x150.png\" class=\"attachment-thumbnail size-thumbnail wp-post-image\" alt=\"\" style=\"max-width:113px;max-height:113px;\" srcset=\"https:\/\/www.gym-karvina.cz\/wp-content\/uploads\/2024\/10\/logo-maskot-150x150.png 150w, https:\/\/www.gym-karvina.cz\/wp-content\/uploads\/2024\/10\/logo-maskot-80x80.png 80w, https:\/\/www.gym-karvina.cz\/wp-content\/uploads\/2024\/10\/logo-maskot-320x320.png 320w\" sizes=\"auto, (max-width: 150px) 100vw, 150px\" \/><\/a><\/div><a class=\"wp-block-latest-posts__post-title\" href=\"https:\/\/www.gym-karvina.cz\/?p=3676\">Julie Jankov\u00e1 &#8211; kurz v Irsku<\/a><time datetime=\"2024-07-13T19:37:58+02:00\" class=\"wp-block-latest-posts__post-date\">13. 7. 2024<\/time><\/li>\n<li><div class=\"wp-block-latest-posts__featured-image alignleft\"><a href=\"https:\/\/www.gym-karvina.cz\/?p=3674\" aria-label=\"Petra Adamczyk &#8211; kurz na Malt\u011b\"><img loading=\"lazy\" decoding=\"async\" width=\"150\" height=\"150\" src=\"https:\/\/www.gym-karvina.cz\/wp-content\/uploads\/2024\/10\/logo-maskot-150x150.png\" class=\"attachment-thumbnail size-thumbnail wp-post-image\" alt=\"\" style=\"max-width:113px;max-height:113px;\" srcset=\"https:\/\/www.gym-karvina.cz\/wp-content\/uploads\/2024\/10\/logo-maskot-150x150.png 150w, https:\/\/www.gym-karvina.cz\/wp-content\/uploads\/2024\/10\/logo-maskot-80x80.png 80w, https:\/\/www.gym-karvina.cz\/wp-content\/uploads\/2024\/10\/logo-maskot-320x320.png 320w\" sizes=\"auto, (max-width: 150px) 100vw, 150px\" \/><\/a><\/div><a class=\"wp-block-latest-posts__post-title\" href=\"https:\/\/www.gym-karvina.cz\/?p=3674\">Petra Adamczyk &#8211; kurz na Malt\u011b<\/a><time datetime=\"2024-07-05T19:29:47+02:00\" class=\"wp-block-latest-posts__post-date\">5. 7. 2024<\/time><\/li>\n<li><div class=\"wp-block-latest-posts__featured-image alignleft\"><a href=\"https:\/\/www.gym-karvina.cz\/?p=3672\" aria-label=\"Ond\u0159ej Sikora &#8211; st\u00ednov\u00e1n\u00ed na Slovensku\"><img loading=\"lazy\" decoding=\"async\" width=\"150\" height=\"150\" src=\"https:\/\/www.gym-karvina.cz\/wp-content\/uploads\/2024\/10\/logo-maskot-150x150.png\" class=\"attachment-thumbnail size-thumbnail wp-post-image\" alt=\"\" style=\"max-width:113px;max-height:113px;\" srcset=\"https:\/\/www.gym-karvina.cz\/wp-content\/uploads\/2024\/10\/logo-maskot-150x150.png 150w, https:\/\/www.gym-karvina.cz\/wp-content\/uploads\/2024\/10\/logo-maskot-80x80.png 80w, https:\/\/www.gym-karvina.cz\/wp-content\/uploads\/2024\/10\/logo-maskot-320x320.png 320w\" sizes=\"auto, (max-width: 150px) 100vw, 150px\" \/><\/a><\/div><a class=\"wp-block-latest-posts__post-title\" href=\"https:\/\/www.gym-karvina.cz\/?p=3672\">Ond\u0159ej Sikora &#8211; st\u00ednov\u00e1n\u00ed na Slovensku<\/a><time datetime=\"2024-05-18T19:26:50+02:00\" class=\"wp-block-latest-posts__post-date\">18. 5. 2024<\/time><\/li>\n<li><div class=\"wp-block-latest-posts__featured-image alignleft\"><a href=\"https:\/\/www.gym-karvina.cz\/?p=3654\" aria-label=\"Tom\u00e1\u0161 Flori\u00e1n &#8211; st\u00ednov\u00e1n\u00ed na Slovensku\"><img loading=\"lazy\" decoding=\"async\" width=\"150\" height=\"150\" src=\"https:\/\/www.gym-karvina.cz\/wp-content\/uploads\/2024\/10\/logo-maskot-150x150.png\" class=\"attachment-thumbnail size-thumbnail wp-post-image\" alt=\"\" style=\"max-width:113px;max-height:113px;\" srcset=\"https:\/\/www.gym-karvina.cz\/wp-content\/uploads\/2024\/10\/logo-maskot-150x150.png 150w, https:\/\/www.gym-karvina.cz\/wp-content\/uploads\/2024\/10\/logo-maskot-80x80.png 80w, https:\/\/www.gym-karvina.cz\/wp-content\/uploads\/2024\/10\/logo-maskot-320x320.png 320w\" sizes=\"auto, (max-width: 150px) 100vw, 150px\" \/><\/a><\/div><a class=\"wp-block-latest-posts__post-title\" href=\"https:\/\/www.gym-karvina.cz\/?p=3654\">Tom\u00e1\u0161 Flori\u00e1n &#8211; st\u00ednov\u00e1n\u00ed na Slovensku<\/a><time datetime=\"2024-05-17T14:06:16+02:00\" class=\"wp-block-latest-posts__post-date\">17. 5. 2024<\/time><\/li>\n<li><div class=\"wp-block-latest-posts__featured-image alignleft\"><a href=\"https:\/\/www.gym-karvina.cz\/?p=3859\" aria-label=\"Ohl\u00e9dnut\u00ed za ukon\u010den\u00fdm projektem ENWOTAL\"><img loading=\"lazy\" decoding=\"async\" width=\"150\" height=\"150\" src=\"https:\/\/www.gym-karvina.cz\/wp-content\/uploads\/2024\/10\/logo-maskot-150x150.png\" class=\"attachment-thumbnail size-thumbnail wp-post-image\" alt=\"\" style=\"max-width:113px;max-height:113px;\" srcset=\"https:\/\/www.gym-karvina.cz\/wp-content\/uploads\/2024\/10\/logo-maskot-150x150.png 150w, https:\/\/www.gym-karvina.cz\/wp-content\/uploads\/2024\/10\/logo-maskot-80x80.png 80w, https:\/\/www.gym-karvina.cz\/wp-content\/uploads\/2024\/10\/logo-maskot-320x320.png 320w\" sizes=\"auto, (max-width: 150px) 100vw, 150px\" \/><\/a><\/div><a class=\"wp-block-latest-posts__post-title\" href=\"https:\/\/www.gym-karvina.cz\/?p=3859\">Ohl\u00e9dnut\u00ed za ukon\u010den\u00fdm projektem ENWOTAL<\/a><time datetime=\"2024-02-29T10:57:00+01:00\" class=\"wp-block-latest-posts__post-date\">29. 2. 2024<\/time><\/li>\n<li><div class=\"wp-block-latest-posts__featured-image alignleft\"><a href=\"https:\/\/www.gym-karvina.cz\/?p=3644\" aria-label=\"V\u00fdm\u011bnn\u00fd pobyt Erasmus+ v D\u00e1nsku 2023\"><img loading=\"lazy\" decoding=\"async\" width=\"150\" height=\"150\" src=\"https:\/\/www.gym-karvina.cz\/wp-content\/uploads\/2024\/10\/eu_flag-150x150.png\" class=\"attachment-thumbnail size-thumbnail wp-post-image\" alt=\"\" style=\"max-width:113px;max-height:113px;\" srcset=\"https:\/\/www.gym-karvina.cz\/wp-content\/uploads\/2024\/10\/eu_flag-150x150.png 150w, https:\/\/www.gym-karvina.cz\/wp-content\/uploads\/2024\/10\/eu_flag-80x80.png 80w, https:\/\/www.gym-karvina.cz\/wp-content\/uploads\/2024\/10\/eu_flag-320x320.png 320w\" sizes=\"auto, (max-width: 150px) 100vw, 150px\" \/><\/a><\/div><a class=\"wp-block-latest-posts__post-title\" href=\"https:\/\/www.gym-karvina.cz\/?p=3644\">V\u00fdm\u011bnn\u00fd pobyt Erasmus+ v D\u00e1nsku 2023<\/a><time datetime=\"2023-11-27T13:52:49+01:00\" class=\"wp-block-latest-posts__post-date\">27. 11. 2023<\/time><\/li>\n<li><div class=\"wp-block-latest-posts__featured-image alignleft\"><a href=\"https:\/\/www.gym-karvina.cz\/?p=3638\" aria-label=\"V\u00fdm\u011bnn\u00fd pobyt Erasmus+ ve Francii 2023\"><img loading=\"lazy\" decoding=\"async\" width=\"150\" height=\"150\" src=\"https:\/\/www.gym-karvina.cz\/wp-content\/uploads\/2024\/10\/eu_flag-150x150.png\" class=\"attachment-thumbnail size-thumbnail wp-post-image\" alt=\"\" style=\"max-width:113px;max-height:113px;\" srcset=\"https:\/\/www.gym-karvina.cz\/wp-content\/uploads\/2024\/10\/eu_flag-150x150.png 150w, https:\/\/www.gym-karvina.cz\/wp-content\/uploads\/2024\/10\/eu_flag-80x80.png 80w, https:\/\/www.gym-karvina.cz\/wp-content\/uploads\/2024\/10\/eu_flag-320x320.png 320w\" sizes=\"auto, (max-width: 150px) 100vw, 150px\" \/><\/a><\/div><a class=\"wp-block-latest-posts__post-title\" href=\"https:\/\/www.gym-karvina.cz\/?p=3638\">V\u00fdm\u011bnn\u00fd pobyt Erasmus+ ve Francii 2023<\/a><time datetime=\"2023-10-10T13:46:51+02:00\" class=\"wp-block-latest-posts__post-date\">10. 10. 2023<\/time><\/li>\n<\/ul>\n\n\n<p><\/p>\n","protected":false},"excerpt":{"rendered":"<p>AKREDITACES pot\u011b\u0161en\u00edm m\u016f\u017eeme ozn\u00e1mit, \u017ee nelehk\u00e1 pr\u00e1ceProjektov\u00e9ho t\u00fdmu Erasmus+ na\u0161\u00ed \u0161koly se vyplatila. Na\u0161e gymn\u00e1zium se za\u0159adilo mezi \u00fazk\u00fd okruh st\u0159edn\u00edch \u0161kol, kter\u00fdm byla \u00fasp\u011b\u0161n\u011b schv\u00e1lena akreditace v oblasti \u0161koln\u00edho vzd\u011bl\u00e1v\u00e1n\u00ed v r\u00e1mci evropsk\u00e9ho programu&#46;&#46;&#46;<\/p>\n","protected":false},"author":1,"featured_media":0,"parent":0,"menu_order":0,"comment_status":"closed","ping_status":"closed","template":"","meta":{"footnotes":""},"class_list":["post-2666","page","type-page","status-publish","hentry"],"_links":{"self":[{"href":"https:\/\/www.gym-karvina.cz\/index.php?rest_route=\/wp\/v2\/pages\/2666","targetHints":{"allow":["GET"]}}],"collection":[{"href":"https:\/\/www.gym-karvina.cz\/index.php?rest_route=\/wp\/v2\/pages"}],"about":[{"href":"https:\/\/www.gym-karvina.cz\/index.php?rest_route=\/wp\/v2\/types\/page"}],"author":[{"embeddable":true,"href":"https:\/\/www.gym-karvina.cz\/index.php?rest_route=\/wp\/v2\/users\/1"}],"replies":[{"embeddable":true,"href":"https:\/\/www.gym-karvina.cz\/index.php?rest_route=%2Fwp%2Fv2%2Fcomments&post=2666"}],"version-history":[{"count":35,"href":"https:\/\/www.gym-karvina.cz\/index.php?rest_route=\/wp\/v2\/pages\/2666\/revisions"}],"predecessor-version":[{"id":5893,"href":"https:\/\/www.gym-karvina.cz\/index.php?rest_route=\/wp\/v2\/pages\/2666\/revisions\/5893"}],"wp:attachment":[{"href":"https:\/\/www.gym-karvina.cz\/index.php?rest_route=%2Fwp%2Fv2%2Fmedia&parent=2666"}],"curies":[{"name":"wp","href":"https:\/\/api.w.org\/{rel}","templated":true}]}}