{"id":2676,"date":"2024-08-18T22:27:29","date_gmt":"2024-08-18T20:27:29","guid":{"rendered":"https:\/\/www.gym-karvina.cz\/?page_id=2676"},"modified":"2024-10-18T06:32:06","modified_gmt":"2024-10-18T04:32:06","slug":"enwotal","status":"publish","type":"page","link":"https:\/\/www.gym-karvina.cz\/?page_id=2676","title":{"rendered":"ENWOTAL"},"content":{"rendered":"\n<div class=\"wp-block-columns is-layout-flex wp-container-core-columns-is-layout-9d6595d7 wp-block-columns-is-layout-flex\">\n<div class=\"wp-block-column is-layout-flow wp-block-column-is-layout-flow\"><div class=\"wp-block-image\">\n<figure class=\"alignleft size-large is-resized\"><img loading=\"lazy\" decoding=\"async\" width=\"1024\" height=\"215\" src=\"https:\/\/www.gym-karvina.cz\/wp-content\/uploads\/2024\/08\/en_co-funded_by_the_eu_pos-1024x215.jpg\" alt=\"\" class=\"wp-image-2678\" style=\"width:381px;height:auto\" srcset=\"https:\/\/www.gym-karvina.cz\/wp-content\/uploads\/2024\/08\/en_co-funded_by_the_eu_pos-1024x215.jpg 1024w, https:\/\/www.gym-karvina.cz\/wp-content\/uploads\/2024\/08\/en_co-funded_by_the_eu_pos-300x63.jpg 300w, https:\/\/www.gym-karvina.cz\/wp-content\/uploads\/2024\/08\/en_co-funded_by_the_eu_pos-768x161.jpg 768w, https:\/\/www.gym-karvina.cz\/wp-content\/uploads\/2024\/08\/en_co-funded_by_the_eu_pos-1536x322.jpg 1536w, https:\/\/www.gym-karvina.cz\/wp-content\/uploads\/2024\/08\/en_co-funded_by_the_eu_pos-2048x430.jpg 2048w, https:\/\/www.gym-karvina.cz\/wp-content\/uploads\/2024\/08\/en_co-funded_by_the_eu_pos-24x5.jpg 24w, https:\/\/www.gym-karvina.cz\/wp-content\/uploads\/2024\/08\/en_co-funded_by_the_eu_pos-36x8.jpg 36w, https:\/\/www.gym-karvina.cz\/wp-content\/uploads\/2024\/08\/en_co-funded_by_the_eu_pos-48x10.jpg 48w\" sizes=\"auto, (max-width: 1024px) 100vw, 1024px\" \/><\/figure>\n<\/div><\/div>\n\n\n\n<div class=\"wp-block-column is-layout-flow wp-block-column-is-layout-flow\"><div class=\"wp-block-image\">\n<figure class=\"alignright size-large is-resized\"><img loading=\"lazy\" decoding=\"async\" width=\"1024\" height=\"321\" src=\"https:\/\/www.gym-karvina.cz\/wp-content\/uploads\/2024\/08\/logo-napismaskot-1024x321.png\" alt=\"\" class=\"wp-image-2679\" style=\"width:249px;height:auto\" srcset=\"https:\/\/www.gym-karvina.cz\/wp-content\/uploads\/2024\/08\/logo-napismaskot-1024x321.png 1024w, https:\/\/www.gym-karvina.cz\/wp-content\/uploads\/2024\/08\/logo-napismaskot-300x94.png 300w, https:\/\/www.gym-karvina.cz\/wp-content\/uploads\/2024\/08\/logo-napismaskot-768x241.png 768w, https:\/\/www.gym-karvina.cz\/wp-content\/uploads\/2024\/08\/logo-napismaskot-1536x482.png 1536w, https:\/\/www.gym-karvina.cz\/wp-content\/uploads\/2024\/08\/logo-napismaskot-2048x642.png 2048w, https:\/\/www.gym-karvina.cz\/wp-content\/uploads\/2024\/08\/logo-napismaskot-24x8.png 24w, https:\/\/www.gym-karvina.cz\/wp-content\/uploads\/2024\/08\/logo-napismaskot-36x11.png 36w, https:\/\/www.gym-karvina.cz\/wp-content\/uploads\/2024\/08\/logo-napismaskot-48x15.png 48w\" sizes=\"auto, (max-width: 1024px) 100vw, 1024px\" \/><\/figure>\n<\/div><\/div>\n<\/div>\n\n\n\n<h4 class=\"wp-block-heading has-text-align-center\"><mark style=\"background-color:rgba(0, 0, 0, 0)\" class=\"has-inline-color has-vivid-red-color\"><strong>E<\/strong><\/mark>xploring <mark style=\"background-color:rgba(0, 0, 0, 0)\" class=\"has-inline-color has-vivid-red-color\"><strong>N<\/strong><\/mark>ew <mark style=\"background-color:rgba(0, 0, 0, 0)\" class=\"has-inline-color has-vivid-red-color\"><strong>W<\/strong><\/mark>ays <strong><mark style=\"background-color:rgba(0, 0, 0, 0)\" class=\"has-inline-color has-vivid-red-color\">o<\/mark><\/strong>f <mark style=\"background-color:rgba(0, 0, 0, 0)\" class=\"has-inline-color has-vivid-red-color\"><strong>T<\/strong><\/mark>eaching <strong><mark style=\"background-color:rgba(0, 0, 0, 0)\" class=\"has-inline-color has-vivid-red-color\">a<\/mark><\/strong>nd <strong><mark style=\"background-color:rgba(0, 0, 0, 0)\" class=\"has-inline-color has-vivid-red-color\">L<\/mark><\/strong>earning<\/h4>\n\n\n\n<div class=\"wp-block-buttons is-content-justification-center is-layout-flex wp-container-core-buttons-is-layout-16018d1d wp-block-buttons-is-layout-flex\">\n<div class=\"wp-block-button\"><a class=\"wp-block-button__link has-text-align-right wp-element-button\" href=\"https:\/\/old.gym-karvina.cz\/erasmusplus\/enwotal.html\"><mark style=\"background-color:rgba(0, 0, 0, 0)\" class=\"has-inline-color has-cyan-bluish-gray-color\">ZPR\u00c1VY \u00da\u010cASTN\u00cdK\u016e<\/mark><\/a><\/div>\n<\/div>\n\n\n\n<hr class=\"wp-block-separator has-alpha-channel-opacity\"\/>\n\n\n<div class=\"wp-block-image\">\n<figure class=\"aligncenter size-large is-resized\"><img loading=\"lazy\" decoding=\"async\" width=\"1024\" height=\"461\" src=\"https:\/\/www.gym-karvina.cz\/wp-content\/uploads\/2024\/08\/Enwotal-fotka-1024x461.jpg\" alt=\"\" class=\"wp-image-2685\" style=\"width:409px;height:auto\" srcset=\"https:\/\/www.gym-karvina.cz\/wp-content\/uploads\/2024\/08\/Enwotal-fotka-1024x461.jpg 1024w, https:\/\/www.gym-karvina.cz\/wp-content\/uploads\/2024\/08\/Enwotal-fotka-300x135.jpg 300w, https:\/\/www.gym-karvina.cz\/wp-content\/uploads\/2024\/08\/Enwotal-fotka-768x346.jpg 768w, https:\/\/www.gym-karvina.cz\/wp-content\/uploads\/2024\/08\/Enwotal-fotka-1536x692.jpg 1536w, https:\/\/www.gym-karvina.cz\/wp-content\/uploads\/2024\/08\/Enwotal-fotka-2048x922.jpg 2048w, https:\/\/www.gym-karvina.cz\/wp-content\/uploads\/2024\/08\/Enwotal-fotka-24x11.jpg 24w, https:\/\/www.gym-karvina.cz\/wp-content\/uploads\/2024\/08\/Enwotal-fotka-36x16.jpg 36w, https:\/\/www.gym-karvina.cz\/wp-content\/uploads\/2024\/08\/Enwotal-fotka-48x22.jpg 48w\" sizes=\"auto, (max-width: 1024px) 100vw, 1024px\" \/><\/figure>\n<\/div>\n\n\n<div style=\"height:20px\" aria-hidden=\"true\" class=\"wp-block-spacer\"><\/div>\n\n\n\n<p>Erasmus+ je vzd\u011bl\u00e1vac\u00ed program Evropsk\u00e9 unie, kter\u00fd formou spolupr\u00e1ce a mobilit podporuje profesion\u00e1ln\u00ed<br>rozvoj osob, kter\u00e9 pracuj\u00ed v oblasti vzd\u011bl\u00e1v\u00e1n\u00ed, p\u0159isp\u00edvaj\u00ed k inovaci a zkvalitn\u011bn\u00ed v\u00fduky \u010di pr\u00e1ce s ml\u00e1de\u017e\u00ed.&nbsp;<\/p>\n\n\n\n<p>V&nbsp;r\u00e1mci Kl\u00ed\u010dov\u00e9 akce 1 (KA1) pro \u0161koln\u00ed sektor mohou mate\u0159sk\u00e9, z\u00e1kladn\u00ed a st\u0159edn\u00ed \u0161koly vys\u00edlat sv\u00e9 pracovn\u00edky<br>do zahrani\u010d\u00ed s c\u00edlem jejich dal\u0161\u00edho profesn\u00edho rozvoje. \u00da\u010dastn\u00edci mobilit si tak zdokonal\u00ed znalosti ciz\u00edch jazyk\u016f,<br>zv\u00fd\u0161\u00ed si pov\u011bdom\u00ed o jin\u00fdch kultur\u00e1ch a zem\u00edch, zapoj\u00ed se do s\u00edt\u011b mezin\u00e1rodn\u00edch kontakt\u016f a z\u00edskaj\u00ed smysl<br>pro evropsk\u00e9 ob\u010danstv\u00ed a evropskou identitu.<\/p>\n\n\n\n<p>Na\u0161e \u0161kola bude realizovat projekt ENWOTAL od srpna 2022 do ledna 2024.<br>Grant EU ve v\u00fd\u0161i 61.718 \u20ac podpo\u0159\u00ed jak pedagogy, tak i spr\u00e1vn\u00ed zam\u011bstnance v celkem 27 mobilit\u00e1ch<br>profesn\u00edho rozvoje (staff training):<\/p>\n\n\n\n<ul class=\"wp-block-list\">\n<li>8 jazykov\u00fdch kurz\u016f<\/li>\n\n\n\n<li>15 odborn\u00fdch kurz\u016f<\/li>\n\n\n\n<li>4 st\u00ednov\u00e1n\u00ed (job-shadowing)<\/li>\n<\/ul>\n\n\n\n<p>&nbsp; Zpr\u00e1vy a fotografie z prob\u011bhl\u00fdch mobilit naleznete v n\u00e1sleduj\u00edc\u00edch p\u0159\u00edsp\u011bvc\u00edch a na Facebooku \u0161koly.<br>&nbsp; Z\u00edskan\u00e9 zku\u0161enosti u\u010ditel\u00e9 sd\u00edlej\u00ed se sv\u00fdmi kolegy s c\u00edlem zvy\u0161ovat kvalitu slu\u017eeb, kter\u00e9 \u0161kola poskytuje.<\/p>\n\n\n\n<pre class=\"wp-block-verse\"><strong>Prohl\u00e1\u0161en\u00ed o vylou\u010den\u00ed pr\u00e1vn\u00ed odpov\u011bdnosti.<\/strong><br>Za obsah sd\u011blen\u00ed odpov\u00edd\u00e1 v\u00fdlu\u010dn\u011b autor. Sd\u011blen\u00ed nereprezentuje n\u00e1zory Evropsk\u00e9 komise a Evropsk\u00e1 komise neodpov\u00edd\u00e1 za pou\u017eit\u00ed informac\u00ed, je\u017e jsou jeho obsahem.<\/pre>\n","protected":false},"excerpt":{"rendered":"<p>Exploring New Ways of Teaching and Learning Erasmus+ je vzd\u011bl\u00e1vac\u00ed program Evropsk\u00e9 unie, kter\u00fd formou spolupr\u00e1ce a mobilit podporuje profesion\u00e1ln\u00edrozvoj osob, kter\u00e9 pracuj\u00ed v oblasti vzd\u011bl\u00e1v\u00e1n\u00ed, p\u0159isp\u00edvaj\u00ed k inovaci a zkvalitn\u011bn\u00ed v\u00fduky \u010di pr\u00e1ce s&#46;&#46;&#46;<\/p>\n","protected":false},"author":1,"featured_media":0,"parent":0,"menu_order":0,"comment_status":"closed","ping_status":"closed","template":"","meta":{"footnotes":""},"class_list":["post-2676","page","type-page","status-publish","hentry"],"_links":{"self":[{"href":"https:\/\/www.gym-karvina.cz\/index.php?rest_route=\/wp\/v2\/pages\/2676","targetHints":{"allow":["GET"]}}],"collection":[{"href":"https:\/\/www.gym-karvina.cz\/index.php?rest_route=\/wp\/v2\/pages"}],"about":[{"href":"https:\/\/www.gym-karvina.cz\/index.php?rest_route=\/wp\/v2\/types\/page"}],"author":[{"embeddable":true,"href":"https:\/\/www.gym-karvina.cz\/index.php?rest_route=\/wp\/v2\/users\/1"}],"replies":[{"embeddable":true,"href":"https:\/\/www.gym-karvina.cz\/index.php?rest_route=%2Fwp%2Fv2%2Fcomments&post=2676"}],"version-history":[{"count":25,"href":"https:\/\/www.gym-karvina.cz\/index.php?rest_route=\/wp\/v2\/pages\/2676\/revisions"}],"predecessor-version":[{"id":3814,"href":"https:\/\/www.gym-karvina.cz\/index.php?rest_route=\/wp\/v2\/pages\/2676\/revisions\/3814"}],"wp:attachment":[{"href":"https:\/\/www.gym-karvina.cz\/index.php?rest_route=%2Fwp%2Fv2%2Fmedia&parent=2676"}],"curies":[{"name":"wp","href":"https:\/\/api.w.org\/{rel}","templated":true}]}}