{"id":354,"date":"2023-11-14T13:49:16","date_gmt":"2023-11-14T12:49:16","guid":{"rendered":"https:\/\/www.gymplka.cz\/?page_id=354"},"modified":"2024-03-16T16:01:37","modified_gmt":"2024-03-16T15:01:37","slug":"informace-o-studiu","status":"publish","type":"page","link":"https:\/\/www.gym-karvina.cz\/?page_id=354","title":{"rendered":"Informace o \u0161kole"},"content":{"rendered":"\n<p><\/p>\n\n\n\n<figure class=\"wp-block-image size-full\"><img loading=\"lazy\" decoding=\"async\" width=\"407\" height=\"220\" src=\"https:\/\/www.gym-karvina.cz\/wp-content\/uploads\/2023\/12\/gympl3_pano.jpg\" alt=\"\" class=\"wp-image-393\" srcset=\"https:\/\/www.gym-karvina.cz\/wp-content\/uploads\/2023\/12\/gympl3_pano.jpg 407w, https:\/\/www.gym-karvina.cz\/wp-content\/uploads\/2023\/12\/gympl3_pano-300x162.jpg 300w, https:\/\/www.gym-karvina.cz\/wp-content\/uploads\/2023\/12\/gympl3_pano-24x13.jpg 24w, https:\/\/www.gym-karvina.cz\/wp-content\/uploads\/2023\/12\/gympl3_pano-36x19.jpg 36w, https:\/\/www.gym-karvina.cz\/wp-content\/uploads\/2023\/12\/gympl3_pano-48x26.jpg 48w\" sizes=\"auto, (max-width: 407px) 100vw, 407px\" \/><\/figure>\n\n\n\n<p><\/p>\n\n\n\n<p>Gymn\u00e1zium Karvin\u00e1 nab\u00edz\u00ed \u00fapln\u00e9 st\u0159edn\u00ed v\u0161eobecn\u00e9 vzd\u011bl\u00e1n\u00ed zakon\u010den\u00e9 maturitn\u00ed zkou\u0161kou ve \u010dty\u0159let\u00e9m a osmilet\u00e9m studijn\u00edm cyklu. Z\u0159izovatelem \u0161koly je od 1. 7. 2001 Moravskoslezsk\u00fd kraj.<\/p>\n\n\n\n<p>\u017d\u00e1ci se mohou hl\u00e1sit do t\u011bchto obor\u016f:<\/p>\n\n\n\n<ul class=\"wp-block-list\">\n<li><strong>79-41-K\/41 Gymn\u00e1zium<\/strong>&nbsp;\u2013 \u010dty\u0159let\u00e9 studium pro uchaze\u010de z&nbsp;9. t\u0159\u00edd<br>z\u00e1kladn\u00edch \u0161kol,<\/li>\n\n\n\n<li><strong>79-41-K\/81 Gymn\u00e1zium<\/strong>&nbsp;\u2013 osmilet\u00e9 studium pro uchaze\u010de z&nbsp;5. t\u0159\u00edd<br>z\u00e1kladn\u00edch \u0161kol.<\/li>\n<\/ul>\n\n\n\n<p>P\u0159ij\u00edmac\u00ed zkou\u0161ky na oba obory skl\u00e1daj\u00ed uchaze\u010di z&nbsp;\u010desk\u00e9ho jazyka a matematiky v&nbsp;r\u00e1mci jednotn\u00e9 p\u0159ij\u00edmac\u00ed zkou\u0161ky organizovan\u00e9 Centrem pro zji\u0161\u0165ov\u00e1n\u00ed v\u00fdsledk\u016f ve vzd\u011bl\u00e1v\u00e1n\u00ed (Cermat). D\u00e1le \u0161kola p\u0159ihl\u00ed\u017e\u00ed k v\u00fdsledk\u016fm vzd\u011bl\u00e1v\u00e1n\u00ed na z\u00e1kladn\u00ed \u0161kole a k&nbsp;\u00fasp\u011bch\u016fm dosa\u017een\u00fdch v&nbsp;sout\u011b\u017e\u00edch a olympi\u00e1d\u00e1ch organizovan\u00fdch M\u0160MT.<\/p>\n\n\n\n<p>Studium prob\u00edh\u00e1 podle schv\u00e1len\u00fdch \u0160VP. Je koncipov\u00e1no tak, aby poskytlo \u017e\u00e1k\u016fm \u00fapln\u00e9 st\u0159edn\u00ed v\u0161eobecn\u00e9 vzd\u011bl\u00e1n\u00ed s vyrovnan\u00fdm pod\u00edlem humanitn\u00edch a p\u0159\u00edrodov\u011bdn\u00fdch v\u011bdomost\u00ed. Hlavn\u00edm c\u00edlem vzd\u011bl\u00e1v\u00e1n\u00ed je kvalitn\u00ed p\u0159\u00edprava ke studiu na vysok\u00fdch \u0161kol\u00e1ch.<\/p>\n\n\n\n<p>Informa\u010dn\u00ed servis v ot\u00e1zk\u00e1ch pomaturitn\u00ed orientace, pop\u0159. v ot\u00e1zk\u00e1ch volby povol\u00e1n\u00ed, zaji\u0161\u0165uje v\u00fdchovn\u00fd poradce ve spolupr\u00e1ci s t\u0159\u00eddn\u00edmi u\u010diteli a tak\u00e9 se \u0161kolsk\u00fdmi poradensk\u00fdmi za\u0159\u00edzen\u00edmi. V posledn\u00edch dvou ro\u010dn\u00edc\u00edch studia si mohou \u017e\u00e1ci volit z \u0161irok\u00e9 nab\u00eddky voliteln\u00fdch p\u0159edm\u011bt\u016f.&nbsp; Absolventi pak maj\u00ed velmi dobr\u00e9 p\u0159edpoklady pro vysoko\u0161kolsk\u00e9 studium humanitn\u00edch, p\u0159\u00edrodov\u011bdn\u00fdch nebo technick\u00fdch obor\u016f.&nbsp;&nbsp;<br>Prvn\u00edm ciz\u00edm jazykem je angli\u010dtina, druh\u00fd ciz\u00ed jazyk si vol\u00ed \u017e\u00e1ci z nab\u00eddky 4 jazyk\u016f \u2013 n\u011bm\u010dina, francouz\u0161tina, ru\u0161tina a \u0161pan\u011bl\u0161tina.<\/p>\n\n\n\n<p>Sv\u00e9 jazykov\u00e9 schopnosti mohou \u017e\u00e1ci d\u00e1le rozv\u00edjet na r\u016fzn\u00fdch zahrani\u010dn\u00edch exkurz\u00edch a tak\u00e9<br>v r\u00e1mci projektu Erasmus+. Nav\u0161t\u011bvuj\u00ed pravideln\u011b Anglii, Francii, \u0160v\u00fdcarsko, Rakousko, \u0160pan\u011blsko \u010di Pobalt\u00ed. Na Slovensko vyj\u00ed\u017ed\u011bj\u00ed na ly\u017ea\u0159sk\u00e9 a sportovn\u00ed kurzy. V r\u00e1mci programu Erasmus+ nav\u0161t\u00edvili Turecko, Anglii, Litvu, It\u00e1lii a Ukrajinu.<\/p>\n\n\n\n<p>\u0160kola disponuje velmi kvalitn\u00edm z\u00e1zem\u00edm v podob\u011b mnoha odborn\u00fdch u\u010deben. Nechyb\u00ed zde specializovan\u00e9 laborato\u0159e pro fyziku, chemii a biologii s modern\u00edmi m\u011b\u0159\u00edc\u00edmi sadami PASCO. \u0160kola se m\u016f\u017ee pochlubit tak\u00e9 pracovi\u0161t\u011bm pro 3D tisk.<\/p>\n\n\n\n<p>Pro v\u00fduku ciz\u00edch jazyk\u016f slou\u017e\u00ed jazykov\u00e1 laborato\u0159 ROBOTEL.<\/p>\n\n\n\n<p>Na pozemku \u0161koly se nach\u00e1z\u00ed zmodernizovan\u00fd sportovn\u00ed are\u00e1l, jeho\u017e sou\u010d\u00e1st\u00ed je h\u0159i\u0161t\u011b s um\u011bl\u00fdm tr\u00e1vn\u00edkem, dvousetmetrov\u00fdm atletick\u00fdm ov\u00e1lem, workoutov\u00fdm a streetbalov\u00fdm h\u0159i\u0161t\u011bm. \u017d\u00e1ci s oblibou vyu\u017e\u00edvaj\u00ed i h\u0159i\u0161t\u011b pro pl\u00e1\u017eov\u00fd volejbal. Chloubou \u0161koly je tak\u00e9 modern\u00ed sportovn\u00ed hala.<\/p>\n\n\n\n<p>V sou\u010dasn\u00e9 dob\u011b je gymn\u00e1zium aktivn\u00ed v n\u011bkolika projektech, krom\u011b zmi\u0148ovan\u00e9ho projektu Erasmus+<br>se na\u0161i \u017e\u00e1ci nap\u0159\u00ed\u010d v\u0161emi ro\u010dn\u00edky v r\u00e1mci projektu GLOBE zam\u011b\u0159uj\u00ed na b\u00e1d\u00e1n\u00ed v environment\u00e1ln\u00ed oblasti, u\u010ditel\u00e9 fyziky rozv\u00edjej\u00ed sv\u00e9 profesn\u00ed kompetence v projektu ICT a digit\u00e1ln\u00ed v\u00fduka, skupina \u017e\u00e1k\u016f se realizuje v programu DOfE (Duke of Edinbourgh\u00b4s International Award). V r\u00e1mci projektu Cambridge zdokonaluj\u00ed \u017e\u00e1ci sv\u00e9 jazykov\u00e9 kompetence v angli\u010dtin\u011b a usiluj\u00ed o z\u00edsk\u00e1n\u00ed mezin\u00e1rodn\u00edch certifik\u00e1t\u016f. S c\u00edlem podporovat pr\u00e1ci s talentovanou ml\u00e1de\u017e\u00ed dos\u00e1hlo na\u0161e gymn\u00e1zium statutu \u0161koly spolupracuj\u00edc\u00ed s Mensou \u010cR.<\/p>\n\n\n\n<p>\u0160kola provozuje \u0161koln\u00ed j\u00eddelnu, kter\u00e1 nab\u00edz\u00ed denn\u011b volbu ze dvou j\u00eddel.<\/p>\n\n\n\n<h4 class=\"wp-block-heading\">Profil absolventa \u0161koly<\/h4>\n\n\n\n<figure class=\"wp-block-image size-full\"><img loading=\"lazy\" decoding=\"async\" width=\"262\" height=\"200\" src=\"https:\/\/www.gym-karvina.cz\/wp-content\/uploads\/2023\/12\/girl-3718537_1920.jpg\" alt=\"\" class=\"wp-image-394\" srcset=\"https:\/\/www.gym-karvina.cz\/wp-content\/uploads\/2023\/12\/girl-3718537_1920.jpg 262w, https:\/\/www.gym-karvina.cz\/wp-content\/uploads\/2023\/12\/girl-3718537_1920-24x18.jpg 24w, https:\/\/www.gym-karvina.cz\/wp-content\/uploads\/2023\/12\/girl-3718537_1920-36x27.jpg 36w, https:\/\/www.gym-karvina.cz\/wp-content\/uploads\/2023\/12\/girl-3718537_1920-48x37.jpg 48w\" sizes=\"auto, (max-width: 262px) 100vw, 262px\" \/><\/figure>\n\n\n\n<p><\/p>\n\n\n\n<p>\u017d\u00e1ci jsou po absolvov\u00e1n\u00ed vybaveni znalostmi, kter\u00e9 v\u00fdrazn\u011b p\u0159evy\u0161uj\u00ed po\u017eadavky RVP\u00a0 pro gymn\u00e1zia ve v\u0161ech vzd\u011bl\u00e1vac\u00edch oblastech.<\/p>\n\n\n\n<p>Obsah si zvol\u00ed formou voliteln\u00fdch p\u0159edm\u011bt\u016f b\u011bhem studia. Jsou tak p\u0159ipraveni ke studiu na V\u0160 dle sv\u00e9ho v\u00fdb\u011bru. D\u00edky bohat\u00fdm mo\u017enostem profilace formou voliteln\u00fdch p\u0159edm\u011bt\u016f je tak \u017e\u00e1k\u016fm umo\u017en\u011bna kvalitn\u00ed p\u0159\u00edprava na jak\u00fdkoli typ vysok\u00e9 \u0161koly.<\/p>\n\n\n\n<p>\u017d\u00e1ci b\u011bhem studia z\u00edskaj\u00ed n\u00e1vyky a dovednosti pot\u0159ebn\u00e9 pro dal\u0161\u00ed profesn\u00ed orientaci:<\/p>\n\n\n\n<ul class=\"wp-block-list\">\n<li>pr\u00e1ce s v\u00edce zdroji informac\u00ed,<\/li>\n\n\n\n<li>t\u00fdmov\u00e1 pr\u00e1ce,<\/li>\n\n\n\n<li>vyu\u017e\u00edv\u00e1n\u00ed ICT techniky,<\/li>\n\n\n\n<li>schopnost komunikovat a prezentovat svou pr\u00e1ci.<\/li>\n<\/ul>\n\n\n\n<p>D\u00edky pe\u010dliv\u011b za\u010dlen\u011bn\u00e9mu pr\u016f\u0159ezov\u00e9mu t\u00e9matu Environment\u00e1ln\u00ed v\u00fdchova jsou schopni principy udr\u017eiteln\u00e9ho rozvoje uplat\u0148ovat v oborech, kter\u00fdm se budou v\u011bnovat po absolvov\u00e1n\u00ed gymn\u00e1zia.<\/p>\n\n\n\n<p>\u017d\u00e1ci maj\u00ed mo\u017enost v pr\u016fb\u011bhu studia slo\u017eit n\u011bkterou z mezin\u00e1rodn\u011b uzn\u00e1van\u00fdch zkou\u0161ek z ciz\u00edho jazyka.<\/p>\n","protected":false},"excerpt":{"rendered":"<p>Gymn\u00e1zium Karvin\u00e1 nab\u00edz\u00ed \u00fapln\u00e9 st\u0159edn\u00ed v\u0161eobecn\u00e9 vzd\u011bl\u00e1n\u00ed zakon\u010den\u00e9 maturitn\u00ed zkou\u0161kou ve \u010dty\u0159let\u00e9m a osmilet\u00e9m studijn\u00edm cyklu. Z\u0159izovatelem \u0161koly je od 1. 7. 2001 Moravskoslezsk\u00fd kraj. \u017d\u00e1ci se mohou hl\u00e1sit do t\u011bchto obor\u016f: P\u0159ij\u00edmac\u00ed zkou\u0161ky na&#46;&#46;&#46;<\/p>\n","protected":false},"author":1,"featured_media":0,"parent":0,"menu_order":0,"comment_status":"closed","ping_status":"closed","template":"","meta":{"footnotes":""},"class_list":["post-354","page","type-page","status-publish","hentry"],"_links":{"self":[{"href":"https:\/\/www.gym-karvina.cz\/index.php?rest_route=\/wp\/v2\/pages\/354","targetHints":{"allow":["GET"]}}],"collection":[{"href":"https:\/\/www.gym-karvina.cz\/index.php?rest_route=\/wp\/v2\/pages"}],"about":[{"href":"https:\/\/www.gym-karvina.cz\/index.php?rest_route=\/wp\/v2\/types\/page"}],"author":[{"embeddable":true,"href":"https:\/\/www.gym-karvina.cz\/index.php?rest_route=\/wp\/v2\/users\/1"}],"replies":[{"embeddable":true,"href":"https:\/\/www.gym-karvina.cz\/index.php?rest_route=%2Fwp%2Fv2%2Fcomments&post=354"}],"version-history":[{"count":6,"href":"https:\/\/www.gym-karvina.cz\/index.php?rest_route=\/wp\/v2\/pages\/354\/revisions"}],"predecessor-version":[{"id":2051,"href":"https:\/\/www.gym-karvina.cz\/index.php?rest_route=\/wp\/v2\/pages\/354\/revisions\/2051"}],"wp:attachment":[{"href":"https:\/\/www.gym-karvina.cz\/index.php?rest_route=%2Fwp%2Fv2%2Fmedia&parent=354"}],"curies":[{"name":"wp","href":"https:\/\/api.w.org\/{rel}","templated":true}]}}