{"id":419,"date":"2023-12-05T13:40:43","date_gmt":"2023-12-05T12:40:43","guid":{"rendered":"https:\/\/www.gymplka.cz\/?page_id=419"},"modified":"2026-03-16T05:31:08","modified_gmt":"2026-03-16T04:31:08","slug":"matematika-2","status":"publish","type":"page","link":"https:\/\/www.gym-karvina.cz\/?page_id=419","title":{"rendered":"Matematika"},"content":{"rendered":"\n<blockquote class=\"wp-block-quote is-layout-flow wp-block-quote-is-layout-flow\">\n<p>Tajemstv\u00ed \u00fasp\u011bchu nen\u00ed d\u011blat, co se n\u00e1m l\u00edb\u00ed, ale nal\u00e9zt zal\u00edben\u00ed v tom, co d\u011bl\u00e1me.<\/p>\n\n\n\n<p>&#8211; Thomas Alva Edison<\/p>\n<\/blockquote>\n\n\n\n<h4 class=\"wp-block-heading\">P\u0159edm\u011btov\u00e1 komise<\/h4>\n\n\n\n<figure class=\"wp-block-table is-style-regular\"><table><tbody><tr><td class=\"has-text-align-left\" data-align=\"left\">RNDr. Jana Bochenkov\u00e1<\/td><td class=\"has-text-align-left\" data-align=\"left\"><a href=\"mailto:jana.bochenkova@gym-karvina.cz\">jana.bochenkova@gym-karvina.cz<\/a><a href=\"mailto:jana.bochenkova@gym-karvina.cz\" target=\"_blank\" rel=\"noreferrer noopener\"><\/a><\/td><\/tr><tr><td class=\"has-text-align-left\" data-align=\"left\">Mgr. Sylva Divi\u0161ov\u00e1<\/td><td class=\"has-text-align-left\" data-align=\"left\"><a href=\"mailto:sylva.divisova@gym-karvina.cz\">sylva.divisova@gym-karvina.cz<\/a><\/td><\/tr><tr><td class=\"has-text-align-left\" data-align=\"left\">Mgr. Pavl\u00edna Hovorkov\u00e1<\/td><td class=\"has-text-align-left\" data-align=\"left\"><a href=\"mailto:pavlina.hovorkova@gym-karvina.cz\">pavlina.hovorkova@gym-karvina.cz<\/a><\/td><\/tr><tr><td class=\"has-text-align-left\" data-align=\"left\">Mgr. Ilona Charvotov\u00e1<\/td><td class=\"has-text-align-left\" data-align=\"left\"><a href=\"mailto:ilona.charvotova@gym-karvina.cz\">ilona.charvotova@gym-karvina.cz<\/a><\/td><\/tr><tr><td class=\"has-text-align-left\" data-align=\"left\">Mgr. Alan Pieczonka<\/td><td class=\"has-text-align-left\" data-align=\"left\"><a href=\"mailto:alan.pieczonka@gym-karvina.cz\">alan.pieczonka@gym-karvina.cz<\/a><\/td><\/tr><tr><td class=\"has-text-align-left\" data-align=\"left\">Mgr. Andrea Pieczonkov\u00e1<\/td><td class=\"has-text-align-left\" data-align=\"left\"><a href=\"mailto:andrea.pieczonkova@gym-karvina.cz\">andrea.pieczonkova@gym-karvina.cz<\/a><\/td><\/tr><tr><td class=\"has-text-align-left\" data-align=\"left\">Mgr. Iva Vrbov\u00e1<\/td><td class=\"has-text-align-left\" data-align=\"left\"><a href=\"mailto:iva.vrbova@gym-karvina.cz\">iva.vrbova@gym-karvina.cz<\/a><\/td><\/tr><\/tbody><\/table><\/figure>\n\n\n\n<div class=\"wp-block-columns is-layout-flex wp-container-core-columns-is-layout-9d6595d7 wp-block-columns-is-layout-flex\">\n<div class=\"wp-block-column is-layout-flow wp-block-column-is-layout-flow\">\n<h4 class=\"wp-block-heading\">Pl\u00e1n akc\u00ed<\/h4>\n\n\n\n<ul class=\"wp-block-list\">\n<li><strong>Matematick\u00e1 olympi\u00e1da<\/strong><br>&#8211; informace u Mgr. P. Hovorkov\u00e9 nebo <a href=\"http:\/\/gkh.cz\/matematicka-olympiada-2\/\" target=\"_blank\" rel=\"noreferrer noopener\">zde<\/a><\/li>\n\n\n\n<li><strong>Pythagori\u00e1da<\/strong><br>&#8211; informace u Mgr. A. Pieczonkov\u00e9 nebo <a href=\"https:\/\/www.pythagoriada.cz\/\" target=\"_blank\" rel=\"noreferrer noopener\">zde<\/a><\/li>\n\n\n\n<li><strong>Klokan<\/strong><br>&#8211; informace u Mgr. A. Pieczonkov\u00e9 nebo <a href=\"https:\/\/matematickyklokan.upol.cz\/\" target=\"_blank\" rel=\"noreferrer noopener\">zde<\/a><\/li>\n\n\n\n<li><strong>N\u00e1boj<\/strong><br>&#8211; informace u Mgr. P. Hovorkov\u00e9 nebo <a href=\"http:\/\/math.naboj.org\" target=\"_blank\" rel=\"noreferrer noopener\">zde<\/a><\/li>\n\n\n\n<li><strong>Logick\u00e1 olympi\u00e1da<\/strong> <br>&#8211; informace u Mgr. P. Hovorkov\u00e9 nebo <a href=\"http:\/\/www.logickaolympiada.cz\/\" target=\"_blank\" rel=\"noreferrer noopener\">zde<\/a><\/li>\n\n\n\n<li><strong>P\u0159\u00edpravn\u00fd kurz pro \u017e\u00e1ky 5. a 9. t\u0159\u00edd<\/strong> <br>&#8211; informace u Mgr. S. Divi\u0161ov\u00e9 nebo <a href=\"https:\/\/www.gym-karvina.cz\/?page_id=4011\" data-type=\"page\" data-id=\"4011\">zde<\/a><\/li>\n\n\n\n<li><strong>Internetov\u00e1 matematick\u00e1 sout\u011b\u017e MATHING<\/strong> <br>&#8211; informace u Mgr. I.\u00a0Vrbov\u00e9 nebo\u00a0<a href=\"http:\/\/matholymp.fme.vutbr.cz\/\" target=\"_blank\" rel=\"noreferrer noopener\">zde<\/a><\/li>\n\n\n\n<li><strong>Nej\u00fasp\u011b\u0161n\u011bj\u0161\u00ed \u0159e\u0161itel\u00e9 matematick\u00fdch a fyzik\u00e1ln\u00edch sout\u011b\u017e\u00ed<\/strong>&nbsp;&#8211; <a href=\"https:\/\/www.gym-karvina.cz\/wp-content\/uploads\/2025\/08\/Nejuspesnejsi-resitele-soutezi-upraveno-pro-rok-2425.pdf\" data-type=\"link\" data-id=\"https:\/\/www.gym-karvina.cz\/wp-content\/uploads\/2024\/11\/Nejuspesnejsi-resitele-soutezi-upraveno.pdf\" target=\"_blank\" rel=\"noreferrer noopener\">zde<\/a><\/li>\n<\/ul>\n<\/div>\n\n\n\n<div class=\"wp-block-column is-layout-flow wp-block-column-is-layout-flow\">\n<h4 class=\"wp-block-heading\">Pro Maturanty<\/h4>\n\n\n\n<ul class=\"wp-block-list\">\n<li><a href=\"https:\/\/www.gym-karvina.cz\/wp-content\/uploads\/2024\/10\/cermat__soubor_vzorovych_uloh.pdf\" data-type=\"attachment\" data-id=\"3508\" target=\"_blank\" rel=\"noreferrer noopener\">Soubor \u00faloh ke spole\u010dn\u00e9 (st\u00e1tn\u00ed) maturitn\u00ed zkou\u0161ce<\/a><\/li>\n\n\n\n<li><a href=\"https:\/\/www.gym-karvina.cz\/?page_id=3499\" data-type=\"page\" data-id=\"3499\">Spole\u010dn\u00e1 (st\u00e1tn\u00ed) maturitn\u00ed zkou\u0161ka<\/a><\/li>\n\n\n\n<li><a href=\"https:\/\/www.gym-karvina.cz\/wp-content\/uploads\/2024\/10\/povolene_kalkulacky_k_maturitni_zkousce_z_matematiky.pdf\" data-type=\"attachment\" data-id=\"3387\" target=\"_blank\" rel=\"noreferrer noopener\">Kalkula\u010dky k maturitn\u00ed zkou\u0161ce<\/a><\/li>\n<\/ul>\n<\/div>\n<\/div>\n\n\n\n<p><\/p>\n","protected":false},"excerpt":{"rendered":"<p>Tajemstv\u00ed \u00fasp\u011bchu nen\u00ed d\u011blat, co se n\u00e1m l\u00edb\u00ed, ale nal\u00e9zt zal\u00edben\u00ed v tom, co d\u011bl\u00e1me. &#8211; Thomas Alva Edison P\u0159edm\u011btov\u00e1 komise RNDr. Jana Bochenkov\u00e1 jana.bochenkova@gym-karvina.cz Mgr. Sylva Divi\u0161ov\u00e1 sylva.divisova@gym-karvina.cz Mgr. Pavl\u00edna Hovorkov\u00e1 pavlina.hovorkova@gym-karvina.cz Mgr. Ilona&#46;&#46;&#46;<\/p>\n","protected":false},"author":1,"featured_media":0,"parent":0,"menu_order":0,"comment_status":"closed","ping_status":"closed","template":"","meta":{"footnotes":""},"class_list":["post-419","page","type-page","status-publish","hentry"],"_links":{"self":[{"href":"https:\/\/www.gym-karvina.cz\/index.php?rest_route=\/wp\/v2\/pages\/419","targetHints":{"allow":["GET"]}}],"collection":[{"href":"https:\/\/www.gym-karvina.cz\/index.php?rest_route=\/wp\/v2\/pages"}],"about":[{"href":"https:\/\/www.gym-karvina.cz\/index.php?rest_route=\/wp\/v2\/types\/page"}],"author":[{"embeddable":true,"href":"https:\/\/www.gym-karvina.cz\/index.php?rest_route=\/wp\/v2\/users\/1"}],"replies":[{"embeddable":true,"href":"https:\/\/www.gym-karvina.cz\/index.php?rest_route=%2Fwp%2Fv2%2Fcomments&post=419"}],"version-history":[{"count":18,"href":"https:\/\/www.gym-karvina.cz\/index.php?rest_route=\/wp\/v2\/pages\/419\/revisions"}],"predecessor-version":[{"id":6902,"href":"https:\/\/www.gym-karvina.cz\/index.php?rest_route=\/wp\/v2\/pages\/419\/revisions\/6902"}],"wp:attachment":[{"href":"https:\/\/www.gym-karvina.cz\/index.php?rest_route=%2Fwp%2Fv2%2Fmedia&parent=419"}],"curies":[{"name":"wp","href":"https:\/\/api.w.org\/{rel}","templated":true}]}}