{"id":436,"date":"2023-12-05T13:43:43","date_gmt":"2023-12-05T12:43:43","guid":{"rendered":"https:\/\/www.gymplka.cz\/?page_id=436"},"modified":"2025-10-22T23:21:00","modified_gmt":"2025-10-22T21:21:00","slug":"vytvarna-vychova","status":"publish","type":"page","link":"https:\/\/www.gym-karvina.cz\/?page_id=436","title":{"rendered":"V\u00fdtvarn\u00e1 v\u00fdchova"},"content":{"rendered":"\n<blockquote class=\"wp-block-quote is-layout-flow wp-block-quote-is-layout-flow\">\n<p>\u201eV um\u011bn\u00ed je nejd\u016fle\u017eit\u011bj\u0161\u00ed b\u00fdt jin\u00fd, nikoliv nejlep\u0161\u00ed.\u201c<em> <\/em><\/p>\n\n\n\n<p>    &#8211; <em>Paul C\u00e9zanne<\/em><\/p>\n<\/blockquote>\n\n\n\n<h4 class=\"wp-block-heading\">P\u0159edm\u011btov\u00e1 komise<\/h4>\n\n\n\n<figure class=\"wp-block-table is-style-regular\"><table class=\"has-fixed-layout\"><tbody><tr><td class=\"has-text-align-left\" data-align=\"left\">Mgr. Barbora Pr\u016fdkov\u00e1<\/td><td class=\"has-text-align-left\" data-align=\"left\"><a href=\"mailto:katerina.fabianova@gym-karvina.cz\">barbora.prudkova@gym-karvina.cz<\/a><\/td><\/tr><tr><td class=\"has-text-align-left\" data-align=\"left\">Mgr. Kamila Ad\u00e1mkov\u00e1<\/td><td class=\"has-text-align-left\" data-align=\"left\"><a href=\"mailto:barbora.prudkova@gym-karvina.cz\">kamila.adamkova@gym-karvina.cz<\/a><\/td><\/tr><tr><td class=\"has-text-align-left\" data-align=\"left\">Mgr. Kate\u0159ina Cipryanov\u00e1<\/td><td class=\"has-text-align-left\" data-align=\"left\"><a href=\"mailto:kamila.adamkova@gym-karvina.cz\">katerina.cipryanova@gym-karvina.cz<\/a><\/td><\/tr><\/tbody><\/table><\/figure>\n\n\n\n<p>V\u00fdtvarn\u00e1 v\u00fdchova je cestou objevov\u00e1n\u00ed sv\u011bta i sebe sama. U\u010d\u00edme se vn\u00edmat barvy, tvary a linie jako jazyk, kter\u00fdm lze vypr\u00e1v\u011bt p\u0159\u00edb\u011bhy, vyjad\u0159ovat pocity i zachytit to, co se slovy \u0159\u00edct ned\u00e1.<br><br>Na\u0161i studenti se setk\u00e1vaj\u00ed s \u0161irokou paletou v\u00fdtvarn\u00fdch technik \u2013 od klasick\u00e9 kresby a malby p\u0159es grafiku, kol\u00e1\u017e a prostorovou tvorbu a\u017e po modern\u00ed experiment\u00e1ln\u00ed formy. Ka\u017ed\u00fd m\u00e1 p\u0159\u00edle\u017eitost hledat vlastn\u00ed styl, rytmus i zp\u016fsob, jak tvo\u0159it autenticky a s radost\u00ed.<br><br>Tvorbu student\u016f pravideln\u011b p\u0159edstavujeme na v\u00fdstav\u00e1ch a \u0161koln\u00edch projektech, zapojujeme se do sout\u011b\u017e\u00ed a objevujeme, jak m\u016f\u017ee v\u00fdtvarn\u00e9 um\u011bn\u00ed propojovat lidi i my\u0161lenky.<\/p>\n\n\n\n<p><\/p>\n","protected":false},"excerpt":{"rendered":"<p>\u201eV um\u011bn\u00ed je nejd\u016fle\u017eit\u011bj\u0161\u00ed b\u00fdt jin\u00fd, nikoliv nejlep\u0161\u00ed.\u201c &#8211; Paul C\u00e9zanne P\u0159edm\u011btov\u00e1 komise Mgr. Barbora Pr\u016fdkov\u00e1 barbora.prudkova@gym-karvina.cz Mgr. Kamila Ad\u00e1mkov\u00e1 kamila.adamkova@gym-karvina.cz Mgr. Kate\u0159ina Cipryanov\u00e1 katerina.cipryanova@gym-karvina.cz V\u00fdtvarn\u00e1 v\u00fdchova je cestou objevov\u00e1n\u00ed sv\u011bta i sebe sama. U\u010d\u00edme&#46;&#46;&#46;<\/p>\n","protected":false},"author":1,"featured_media":0,"parent":0,"menu_order":0,"comment_status":"closed","ping_status":"closed","template":"","meta":{"footnotes":""},"class_list":["post-436","page","type-page","status-publish","hentry"],"_links":{"self":[{"href":"https:\/\/www.gym-karvina.cz\/index.php?rest_route=\/wp\/v2\/pages\/436","targetHints":{"allow":["GET"]}}],"collection":[{"href":"https:\/\/www.gym-karvina.cz\/index.php?rest_route=\/wp\/v2\/pages"}],"about":[{"href":"https:\/\/www.gym-karvina.cz\/index.php?rest_route=\/wp\/v2\/types\/page"}],"author":[{"embeddable":true,"href":"https:\/\/www.gym-karvina.cz\/index.php?rest_route=\/wp\/v2\/users\/1"}],"replies":[{"embeddable":true,"href":"https:\/\/www.gym-karvina.cz\/index.php?rest_route=%2Fwp%2Fv2%2Fcomments&post=436"}],"version-history":[{"count":10,"href":"https:\/\/www.gym-karvina.cz\/index.php?rest_route=\/wp\/v2\/pages\/436\/revisions"}],"predecessor-version":[{"id":5875,"href":"https:\/\/www.gym-karvina.cz\/index.php?rest_route=\/wp\/v2\/pages\/436\/revisions\/5875"}],"wp:attachment":[{"href":"https:\/\/www.gym-karvina.cz\/index.php?rest_route=%2Fwp%2Fv2%2Fmedia&parent=436"}],"curies":[{"name":"wp","href":"https:\/\/api.w.org\/{rel}","templated":true}]}}